{"id":8442,"date":"2019-02-22T10:18:36","date_gmt":"2019-02-22T09:18:36","guid":{"rendered":"http:\/\/caminoignaciano.sjdigitaldemo.ovh\/logement\/"},"modified":"2019-03-06T08:31:04","modified_gmt":"2019-03-06T07:31:04","slug":"logement","status":"publish","type":"page","link":"https:\/\/caminoignaciano.org\/fr\/logement\/","title":{"rendered":"Logement"},"content":{"rendered":"\t\t<div data-elementor-type=\"wp-post\" data-elementor-id=\"8442\" class=\"elementor elementor-8442 elementor-6746 elementor-bc-flex-widget\" data-elementor-post-type=\"page\">\n\t\t\t\t\t\t<section class=\"elementor-section elementor-top-section elementor-element elementor-element-69ac01d0 elementor-section-height-min-height elementor-section-content-middle elementor-section-full_width elementor-section-height-default elementor-section-items-middle\" data-id=\"69ac01d0\" data-element_type=\"section\" data-e-type=\"section\" data-settings=\"{&quot;background_background&quot;:&quot;classic&quot;}\">\n\t\t\t\t\t\t\t<div class=\"elementor-background-overlay\"><\/div>\n\t\t\t\t\t\t\t<div class=\"elementor-container elementor-column-gap-no\">\n\t\t\t\t\t<div class=\"elementor-column elementor-col-100 elementor-top-column elementor-element elementor-element-34484687\" data-id=\"34484687\" data-element_type=\"column\" data-e-type=\"column\">\n\t\t\t<div class=\"elementor-widget-wrap elementor-element-populated\">\n\t\t\t\t\t\t<div class=\"elementor-element elementor-element-116af384 elementor-headline--style-highlight elementor-widget elementor-widget-animated-headline\" data-id=\"116af384\" data-element_type=\"widget\" data-e-type=\"widget\" data-settings=\"{&quot;highlighted_text&quot;:&quot;Logement&quot;,&quot;headline_style&quot;:&quot;highlight&quot;,&quot;marker&quot;:&quot;circle&quot;,&quot;loop&quot;:&quot;yes&quot;,&quot;highlight_animation_duration&quot;:1200,&quot;highlight_iteration_delay&quot;:8000}\" data-widget_type=\"animated-headline.default\">\n\t\t\t\t<div class=\"elementor-widget-container\">\n\t\t\t\t\t\t\t<h2 class=\"elementor-headline\">\n\t\t\t\t<span class=\"elementor-headline-dynamic-wrapper elementor-headline-text-wrapper\">\n\t\t\t\t\t<span class=\"elementor-headline-dynamic-text elementor-headline-text-active\">Logement<\/span>\n\t\t\t\t<\/span>\n\t\t\t\t<\/h2>\n\t\t\t\t\t\t<\/div>\n\t\t\t\t<\/div>\n\t\t\t\t\t<\/div>\n\t\t<\/div>\n\t\t\t\t\t<\/div>\n\t\t<\/section>\n\t\t\t\t<section class=\"elementor-section elementor-top-section elementor-element elementor-element-6907025b elementor-section-full_width elementor-section-height-default elementor-section-height-default\" data-id=\"6907025b\" data-element_type=\"section\" data-e-type=\"section\" data-settings=\"{&quot;background_background&quot;:&quot;classic&quot;}\">\n\t\t\t\t\t\t\t<div class=\"elementor-background-overlay\"><\/div>\n\t\t\t\t\t\t\t<div class=\"elementor-container elementor-column-gap-default\">\n\t\t\t\t\t<div class=\"elementor-column elementor-col-100 elementor-top-column elementor-element elementor-element-6c6f2091\" data-id=\"6c6f2091\" data-element_type=\"column\" data-e-type=\"column\">\n\t\t\t<div class=\"elementor-widget-wrap elementor-element-populated\">\n\t\t\t\t\t\t<section class=\"elementor-section elementor-inner-section elementor-element elementor-element-193e48ce elementor-section-full_width elementor-section-height-default elementor-section-height-default\" data-id=\"193e48ce\" data-element_type=\"section\" data-e-type=\"section\">\n\t\t\t\t\t\t<div class=\"elementor-container elementor-column-gap-default\">\n\t\t\t\t\t<div class=\"elementor-column elementor-col-100 elementor-inner-column elementor-element elementor-element-574c1e00\" data-id=\"574c1e00\" data-element_type=\"column\" data-e-type=\"column\" id=\"programa tu camino\" data-settings=\"{&quot;background_background&quot;:&quot;classic&quot;}\">\n\t\t\t<div class=\"elementor-widget-wrap elementor-element-populated\">\n\t\t\t\t\t<div class=\"elementor-background-overlay\"><\/div>\n\t\t\t\t\t\t<div class=\"elementor-element elementor-element-5dfcd42c elementor-widget elementor-widget-text-editor\" data-id=\"5dfcd42c\" data-element_type=\"widget\" data-e-type=\"widget\" data-widget_type=\"text-editor.default\">\n\t\t\t\t<div class=\"elementor-widget-container\">\n\t\t\t\t\t\t\t\t\t<p>Voici quelques-unes des logements qui r\u00e9pondent le long du chemin..<\/p>\n<p>Ils sont class\u00e9s par ordre alphab\u00e9tique et non par cat\u00e9gorie.<\/p>\n\t\t\t\t\t\t\t\t<\/div>\n\t\t\t\t<\/div>\n\t\t\t\t\t<\/div>\n\t\t<\/div>\n\t\t\t\t\t<\/div>\n\t\t<\/section>\n\t\t\t\t<div class=\"elementor-element elementor-element-e4983a8 tablaAloja elementor-widget elementor-widget-html\" data-id=\"e4983a8\" data-element_type=\"widget\" data-e-type=\"widget\" data-widget_type=\"html.default\">\n\t\t\t\t<div class=\"elementor-widget-container\">\n\t\t\t\t\t\n<table id=\"tablepress-fr\" class=\"tablepress tablepress-id-fr\">\n<thead>\n<tr class=\"row-1\">\n\t<th class=\"column-1\">Communaut\u00e9<\/th><th class=\"column-2\">Village<\/th><th class=\"column-3\">Logement<\/th><th class=\"column-4\">Description<\/th><td class=\"column-5\"><\/td>\n<\/tr>\n<\/thead>\n<tbody class=\"row-striping row-hover\">\n<tr class=\"row-2\">\n\t<td class=\"column-1\">La Rioja<\/td><td class=\"column-2\">Agoncillo<\/td><td class=\"column-3\">Hostal El Molino<\/td><td class=\"column-4\">Ctra de Zaragoza. Km 12. Tel.: 941 431 316.<\/td><td class=\"column-5\"><\/td>\n<\/tr>\n<tr class=\"row-3\">\n\t<td class=\"column-1\">La Rioja<\/td><td class=\"column-2\">Agoncillo<\/td><td class=\"column-3\">Ayuntamiento<\/td><td class=\"column-4\">Tel.: 941 431 007<\/td><td class=\"column-5\"><\/td>\n<\/tr>\n<tr class=\"row-4\">\n\t<td class=\"column-1\">Arag\u00f3n<\/td><td class=\"column-2\">Alag\u00f3n<\/td><td class=\"column-3\">Pensi\u00f3n M\u00aa Carmen,<\/td><td class=\"column-4\">Portillo 3 2\u00aa, Tel.: 670 762 554<\/td><td class=\"column-5\"><\/td>\n<\/tr>\n<tr class=\"row-5\">\n\t<td class=\"column-1\">Arag\u00f3n<\/td><td class=\"column-2\">Alag\u00f3n<\/td><td class=\"column-3\">Pensi\u00f3n Jarea<\/td><td class=\"column-4\">M\u00e9ndez N\u00fa\u00f1ez 45, Tel.: 629 489 776<\/td><td class=\"column-5\"><\/td>\n<\/tr>\n<tr class=\"row-6\">\n\t<td class=\"column-1\">Arag\u00f3n<\/td><td class=\"column-2\">Alag\u00f3n<\/td><td class=\"column-3\">Hotel Los \u00c1ngeles<\/td><td class=\"column-4\">, Plaza Alh\u00f3ndiga, 4. Tel.: 976 611 340.<\/td><td class=\"column-5\"><\/td>\n<\/tr>\n<tr class=\"row-7\">\n\t<td class=\"column-1\">Arag\u00f3n<\/td><td class=\"column-2\">Alag\u00f3n<\/td><td class=\"column-3\">Hostal Baraka<\/td><td class=\"column-4\">, San Pedro, 13. Tel.: 976 616 011<\/td><td class=\"column-5\"><\/td>\n<\/tr>\n<tr class=\"row-8\">\n\t<td class=\"column-1\">Arag\u00f3n<\/td><td class=\"column-2\">Alag\u00f3n<\/td><td class=\"column-3\">Ayuntamiento<\/td><td class=\"column-4\">Tel.: 976 610 300.<\/td><td class=\"column-5\"><\/td>\n<\/tr>\n<tr class=\"row-9\">\n\t<td class=\"column-1\">Euskadi<\/td><td class=\"column-2\">Albeniz<\/td><td class=\"column-3\">Refugio casa de la Iglesia<\/td><td class=\"column-4\">T\u00e9l : 945 261 676 (dans la prochaine \u00e9tape)<\/td><td class=\"column-5\"><\/td>\n<\/tr>\n<tr class=\"row-10\">\n\t<td class=\"column-1\">La Rioja<\/td><td class=\"column-2\">Alcanadre<\/td><td class=\"column-3\">Hostal Cedipsa<\/td><td class=\"column-4\">Carretera de la Estaci\u00f3n, 0. Tel: 948 693 183<\/td><td class=\"column-5\"><\/td>\n<\/tr>\n<tr class=\"row-11\">\n\t<td class=\"column-1\">La Rioja<\/td><td class=\"column-2\">Alcanadre<\/td><td class=\"column-3\">Casa Rural<\/td><td class=\"column-4\">La Casa Azul, C\/Trasera de Pilares, 29 Tel. 686 730 187 \/\/ 669 461 501<\/td><td class=\"column-5\"><\/td>\n<\/tr>\n<tr class=\"row-12\">\n\t<td class=\"column-1\">La Rioja<\/td><td class=\"column-2\">Alcanadre<\/td><td class=\"column-3\">Ayuntamiento<\/td><td class=\"column-4\">T\u00e9l. : 941 165 004. Si il n'y a pas de chambre disponible, vous pouvez toujours prendre le train pour Logro\u00f1o ou Calahorra ou insister pour vous rendre \u00e0 la mairie et obtenir une autorisation d'utiliser le centre sportif.<\/td><td class=\"column-5\"><\/td>\n<\/tr>\n<tr class=\"row-13\">\n\t<td class=\"column-1\">Catalunya<\/td><td class=\"column-2\">Alcarr\u00e0s<\/td><td class=\"column-3\">Hotel Restaurant Casa Miquel<\/td><td class=\"column-4\">\u00c0 2 km de la ville en direction de l'autoroute A-2, Carretera Valmanya, Km. 2, T\u00e9l : 973 791 627.<\/td><td class=\"column-5\"><\/td>\n<\/tr>\n<tr class=\"row-14\">\n\t<td class=\"column-1\">Catalunya<\/td><td class=\"column-2\">Alcarr\u00e0s<\/td><td class=\"column-3\">Hotel Can Peixan<\/td><td class=\"column-4\">Av de Catalunya, 78 Tel: 973 791 012.<\/td><td class=\"column-5\"><\/td>\n<\/tr>\n<tr class=\"row-15\">\n\t<td class=\"column-1\">Catalunya<\/td><td class=\"column-2\">Alcarr\u00e0s<\/td><td class=\"column-3\">Ayuntamiento<\/td><td class=\"column-4\">Tel: 973 790 004. Auberge des p\u00e8lerins : appeler Elena au centre culturel T\u00e9l : 973 795 700. L'auberge est \u00e0 2 km de la ville : il n'y a pas de commerces \u00e0 proximit\u00e9. Voir : http:\/\/tiny.cc\/pilgrimsshelter . La police locale. T\u00e9l\u00e9phone : 639 793 035.<\/td><td class=\"column-5\"><\/td>\n<\/tr>\n<tr class=\"row-16\">\n\t<td class=\"column-1\">Catalunya<\/td><td class=\"column-2\">Alcoletge<\/td><td class=\"column-3\">Refugio de Peregrinos<\/td><td class=\"column-4\">c\/ Mayor 19. Tel: 973 196 011<\/td><td class=\"column-5\"><\/td>\n<\/tr>\n<tr class=\"row-17\">\n\t<td class=\"column-1\">Euskadi<\/td><td class=\"column-2\">Alda<\/td><td class=\"column-3\">Casa Rural Biltegi Etxea<\/td><td class=\"column-4\">Carretera, 3. T\u00e9l.: 945 406 042 \/ 656 762 793. Vous devez appeler \u00e0 l'avance pour savoir s'il y a un lit libre. Une autre option est de se rendre \u00e0 San Vicente o\u00f9 se trouve un refuge pour les p\u00e8lerins ou de prendre un taxi pour se rendre \u00e0 Santa Cruz de Campezo (voir \u00e9tape suivante). Une autre option, \u00e9videmment, est de d\u00e9cider de dormir \u00e0 la belle \u00e9toile. Chaque p\u00e8lerin se conna\u00eet et conna\u00eet ses possibilit\u00e9s.<\/td><td class=\"column-5\"><\/td>\n<\/tr>\n<tr class=\"row-18\">\n\t<td class=\"column-1\">Euskadi<\/td><td class=\"column-2\">Alda<\/td><td class=\"column-3\">Ayuntamiento<\/td><td class=\"column-4\">Tel.: 945 406 006<\/td><td class=\"column-5\"><\/td>\n<\/tr>\n<tr class=\"row-19\">\n\t<td class=\"column-1\">La Rioja<\/td><td class=\"column-2\">Alfaro<\/td><td class=\"column-3\">Hotel Palacios**<\/td><td class=\"column-4\">Ctra Zaragoza, 57. T\u00e9l.: 941 180 100. R\u00e9duction de prix pour les p\u00e8lerins avec justificatifs Menu du p\u00e8lerin au restaurant.<\/td><td class=\"column-5\"><\/td>\n<\/tr>\n<tr class=\"row-20\">\n\t<td class=\"column-1\">La Rioja<\/td><td class=\"column-2\">Alfaro<\/td><td class=\"column-3\">Hotel HM Alfaro*<\/td><td class=\"column-4\">C\/ San Ant\u00f3n, 32. T\u00e9l. : 941 180 056 (r\u00e9duction de 12 % pour les p\u00e8lerins)<\/td><td class=\"column-5\"><\/td>\n<\/tr>\n<tr class=\"row-21\">\n\t<td class=\"column-1\">La Rioja<\/td><td class=\"column-2\">Alfaro<\/td><td class=\"column-3\">Ayuntamiento<\/td><td class=\"column-4\">Tel.: 941 180 133.<\/td><td class=\"column-5\"><\/td>\n<\/tr>\n<tr class=\"row-22\">\n\t<td class=\"column-1\">La Rioja<\/td><td class=\"column-2\">Alfaro<\/td><td class=\"column-3\">Albergue juvenil Alhama<\/td><td class=\"column-4\">C\/ Puerta de Milagro. Tel.: 941 291 100.<\/td><td class=\"column-5\"><\/td>\n<\/tr>\n<tr class=\"row-23\">\n\t<td class=\"column-1\">La Rioja<\/td><td class=\"column-2\">Alfaro<\/td><td class=\"column-3\">Albergue de peregrinos<\/td><td class=\"column-4\">10 places et gratuites. Renseignements \u00e0 l'Office de Tourisme (10h-14h) ou \u00e0 la Mairie (17h-20h) : C\/ Paseo de la Florida, 23.<\/td><td class=\"column-5\"><\/td>\n<\/tr>\n<tr class=\"row-24\">\n\t<td class=\"column-1\">Euskadi<\/td><td class=\"column-2\">Araia<\/td><td class=\"column-3\">Korta-Albergue de peregrinos. C\/ Andra Mari, 23,<\/td><td class=\"column-4\">https:\/\/acortar.link<br \/>\n\/japVMT<br \/>\n<\/td><td class=\"column-5\"><\/td>\n<\/tr>\n<tr class=\"row-25\">\n\t<td class=\"column-1\">Euskadi<\/td><td class=\"column-2\">Araia<\/td><td class=\"column-3\">Hotel Andamur San Roman **<\/td><td class=\"column-4\">A 2 km en laissant Araia sur la route. T\u00e9l\u00e9phone : 945 31 47 83<\/td><td class=\"column-5\"><\/td>\n<\/tr>\n<tr class=\"row-26\">\n\t<td class=\"column-1\">Euskadi<\/td><td class=\"column-2\">Araia<\/td><td class=\"column-3\">Ayuntamiento<\/td><td class=\"column-4\">Tel: 945 304 006 \/ 945 314 566.<\/td><td class=\"column-5\"><\/td>\n<\/tr>\n<tr class=\"row-27\">\n\t<td class=\"column-1\">Euskadi<\/td><td class=\"column-2\">Aranzazu<\/td><td class=\"column-3\">Refugio de Peregrinos<\/td><td class=\"column-4\">(56 lits) T\u00e9l : 943 780 500 \/ 656 743 148<\/td><td class=\"column-5\"><\/td>\n<\/tr>\n<tr class=\"row-28\">\n\t<td class=\"column-1\">Euskadi<\/td><td class=\"column-2\">Aranzazu<\/td><td class=\"column-3\">Hotel Sindika*<\/td><td class=\"column-4\">Tel: 943 781 303<\/td><td class=\"column-5\"><\/td>\n<\/tr>\n<tr class=\"row-29\">\n\t<td class=\"column-1\">Euskadi<\/td><td class=\"column-2\">Aranzazu<\/td><td class=\"column-3\">Hostal \u201cGoiko Benta Ostatua\u201d<\/td><td class=\"column-4\">Tel: 943 781 305<\/td><td class=\"column-5\"><\/td>\n<\/tr>\n<tr class=\"row-30\">\n\t<td class=\"column-1\">Euskadi<\/td><td class=\"column-2\">Aranzazu<\/td><td class=\"column-3\"><a href=\"http:\/\/www.hotelsantuariodearantzazu.com\/\" rel=\"noopener\" target=\"_blank\">Hotel Santuario de Arantzazu***<\/a><\/td><td class=\"column-4\">Tel: 943 781 313<\/td><td class=\"column-5\"><\/td>\n<\/tr>\n<tr class=\"row-31\">\n\t<td class=\"column-1\">La Rioja<\/td><td class=\"column-2\">Arr\u00fabal<\/td><td class=\"column-3\">Ayuntamiento<\/td><td class=\"column-4\">Tel.: 941 431 103.<\/td><td class=\"column-5\"><\/td>\n<\/tr>\n<tr class=\"row-32\">\n\t<td class=\"column-1\">La Rioja<\/td><td class=\"column-2\">Arr\u00fabal<\/td><td class=\"column-3\">Albergue de peregrinos<\/td><td class=\"column-4\">\u00e0 c\u00f4t\u00e9 de l'\u00e9glise (30 places). T\u00e9l\u00e9phone : 941 431 223<\/td><td class=\"column-5\"><\/td>\n<\/tr>\n<tr class=\"row-33\">\n\t<td class=\"column-1\">Euskadi<\/td><td class=\"column-2\">Azcoitia<\/td><td class=\"column-3\">Hotel Larramendi Torrea<\/td><td class=\"column-4\">Tel: 943 85 76 66 \u2013 www.larramenditorrea.com<\/td><td class=\"column-5\"><\/td>\n<\/tr>\n<tr class=\"row-34\">\n\t<td class=\"column-1\">Euskadi<\/td><td class=\"column-2\">Azcoitia<\/td><td class=\"column-3\">Casa Rural Zulueta.<\/td><td class=\"column-4\">Tel: 617 28 76 69 \u2013 www.agroturismo-zulueta.es<\/td><td class=\"column-5\"><\/td>\n<\/tr>\n<tr class=\"row-35\">\n\t<td class=\"column-1\">Euskadi<\/td><td class=\"column-2\">Azcoitia<\/td><td class=\"column-3\">Casa Rural Landagarre<\/td><td class=\"column-4\">Tel: 943 85 33 30 \u2013 www.landagarre.com<\/td><td class=\"column-5\"><\/td>\n<\/tr>\n<tr class=\"row-36\">\n\t<td class=\"column-1\">Euskadi<\/td><td class=\"column-2\">Azcoitia<\/td><td class=\"column-3\">Albergue Peregrinos ABARAXKA<\/td><td class=\"column-4\">(50 lits) Altamira 5, T\u00e9l. : 679 464 473<\/td><td class=\"column-5\"><\/td>\n<\/tr>\n<tr class=\"row-37\">\n\t<td class=\"column-1\">Euskadi<\/td><td class=\"column-2\">Azpeitia<\/td><td class=\"column-3\">Hotel Loyola<\/td><td class=\"column-4\">Tel: 943 15 16 16 \u2013 www.hotelloiola.com<\/td><td class=\"column-5\"><\/td>\n<\/tr>\n<tr class=\"row-38\">\n\t<td class=\"column-1\">Euskadi<\/td><td class=\"column-2\">Azpeitia<\/td><td class=\"column-3\">Hotel Larra\u00f1aga.<\/td><td class=\"column-4\">Tel: 943 81 11 80 \u2013 www.hotel-larranaga.com<\/td><td class=\"column-5\"><\/td>\n<\/tr>\n<tr class=\"row-39\">\n\t<td class=\"column-1\">Euskadi<\/td><td class=\"column-2\">Azpeitia<\/td><td class=\"column-3\">CEL Loyola.<\/td><td class=\"column-4\">Tel: 943 02 50 25 \u2013 www.loyola.global\/es\/cel<\/td><td class=\"column-5\"><\/td>\n<\/tr>\n<tr class=\"row-40\">\n\t<td class=\"column-1\">Euskadi<\/td><td class=\"column-2\">Azpeitia<\/td><td class=\"column-3\">Casa Rural Txanpardin<\/td><td class=\"column-4\">Tel: 658 73 81 53 \u2013 www.txanpardin.com<\/td><td class=\"column-5\"><\/td>\n<\/tr>\n<tr class=\"row-41\">\n\t<td class=\"column-1\">Euskadi<\/td><td class=\"column-2\">Azpeitia<\/td><td class=\"column-3\">Albergue Xoxote Aterpetxea<\/td><td class=\"column-4\">Tel: 943 58 10 07 \u2013 www.xoxotekoaterpea.com<\/td><td class=\"column-5\"><\/td>\n<\/tr>\n<tr class=\"row-42\">\n\t<td class=\"column-1\">Euskadi<\/td><td class=\"column-2\">Azpeitia<\/td><td class=\"column-3\">Albergue Jes\u00fas-Mar\u00eda<\/td><td class=\"column-4\">Tel: 943 811 034 www.jesus-maria.org\/loyola\/<\/td><td class=\"column-5\"><\/td>\n<\/tr>\n<tr class=\"row-43\">\n\t<td class=\"column-1\">Euskadi<\/td><td class=\"column-2\">Azpeitia<\/td><td class=\"column-3\">Albergue jesuitas Loyola<\/td><td class=\"column-4\">Tel: 943 025 000 www.loyola.global\/es\/albergue<\/td><td class=\"column-5\"><\/td>\n<\/tr>\n<tr class=\"row-44\">\n\t<td class=\"column-1\">Catalunya<\/td><td class=\"column-2\">Bell.lloc d\u00b4Urgell<\/td><td class=\"column-3\">Ayuntamiento<\/td><td class=\"column-4\">Plaza Mayor, s\/n Tel: 973 560 100.<\/td><td class=\"column-5\"><\/td>\n<\/tr>\n<tr class=\"row-45\">\n\t<td class=\"column-1\">Catalunya<\/td><td class=\"column-2\">Bellpuig<\/td><td class=\"column-3\">Refugio de Peregrinos<\/td><td class=\"column-4\">(8 lits) T\u00e9l : 973 320 408 (appeler 2 jours \u00e0 l'avance ou \u00e9crire \u00e0 oficinaturisme@bellpuig.cat)<\/td><td class=\"column-5\"><\/td>\n<\/tr>\n<tr class=\"row-46\">\n\t<td class=\"column-1\">Catalunya<\/td><td class=\"column-2\">Bellpuig<\/td><td class=\"column-3\">Hotel Stop **<\/td><td class=\"column-4\">T\u00e9l.973 320 865 (\u00e0 1 km de la ville par la route N-II)<\/td><td class=\"column-5\"><\/td>\n<\/tr>\n<tr class=\"row-47\">\n\t<td class=\"column-1\">Catalunya<\/td><td class=\"column-2\">Bellpuig<\/td><td class=\"column-3\">Hostal Agust\u00edn Mart\u00edn Mingot.<\/td><td class=\"column-4\">av. Catalunya, 32. Tel: 973 320 076<\/td><td class=\"column-5\"><\/td>\n<\/tr>\n<tr class=\"row-48\">\n\t<td class=\"column-1\">Catalunya<\/td><td class=\"column-2\">Bellpuig<\/td><td class=\"column-3\">Ayuntamiento<\/td><td class=\"column-4\">Tel: 973 320 408.<\/td><td class=\"column-5\"><\/td>\n<\/tr>\n<tr class=\"row-49\">\n\t<td class=\"column-1\">Arag\u00f3n<\/td><td class=\"column-2\">Bujaraloz<\/td><td class=\"column-3\">Hostal Las Sabinas<\/td><td class=\"column-4\">Tel: 976 179 328. (descuento para los peregrinos)<\/td><td class=\"column-5\"><\/td>\n<\/tr>\n<tr class=\"row-50\">\n\t<td class=\"column-1\">Arag\u00f3n<\/td><td class=\"column-2\">Bujaraloz<\/td><td class=\"column-3\">Hostal La Parrilla Monegros II<\/td><td class=\"column-4\">Tel: 976 173 230.<\/td><td class=\"column-5\"><\/td>\n<\/tr>\n<tr class=\"row-51\">\n\t<td class=\"column-1\">Arag\u00f3n<\/td><td class=\"column-2\">Bujaraloz<\/td><td class=\"column-3\">Hostal El Espa\u00f1ol**<\/td><td class=\"column-4\">(tarif r\u00e9duit pour les p\u00e8lerins et petits d\u00e9jeuners apr\u00e8s 6h30). T\u00e9l\u00e9phone : 976 173 192 \/ 976 173 043.<\/td><td class=\"column-5\"><\/td>\n<\/tr>\n<tr class=\"row-52\">\n\t<td class=\"column-1\">Arag\u00f3n<\/td><td class=\"column-2\">Bujaraloz<\/td><td class=\"column-3\">Ayuntamiento<\/td><td class=\"column-4\">Tel: 976 173 175<\/td><td class=\"column-5\"><\/td>\n<\/tr>\n<tr class=\"row-53\">\n\t<td class=\"column-1\">Arag\u00f3n<\/td><td class=\"column-2\">Caba\u00f1as de Ebro<\/td><td class=\"column-3\">Hostal Cubero<\/td><td class=\"column-4\">Av. Alag\u00f3n 23, Tel: 976 611 720<\/td><td class=\"column-5\"><\/td>\n<\/tr>\n<tr class=\"row-54\">\n\t<td class=\"column-1\">Arag\u00f3n<\/td><td class=\"column-2\">Caba\u00f1as de Ebro<\/td><td class=\"column-3\">Casa Rural Guadalupe<\/td><td class=\"column-4\">(capacit\u00e9 24 personnes) Callizo de la Jota, 3. T\u00e9l. : 637 524 363.<\/td><td class=\"column-5\"><\/td>\n<\/tr>\n<tr class=\"row-55\">\n\t<td class=\"column-1\">Arag\u00f3n<\/td><td class=\"column-2\">Caba\u00f1as de Ebro<\/td><td class=\"column-3\">Ayuntamiento<\/td><td class=\"column-4\">Tel.: 976 611 086.<\/td><td class=\"column-5\"><\/td>\n<\/tr>\n<tr class=\"row-56\">\n\t<td class=\"column-1\">Euskadi<\/td><td class=\"column-2\">Cabredo<\/td><td class=\"column-3\">Refugio Peregrinos<\/td><td class=\"column-4\">Nagore: 948 444 009 \/\/ 667 521 264<\/td><td class=\"column-5\"><\/td>\n<\/tr>\n<tr class=\"row-57\">\n\t<td class=\"column-1\">La Rioja<\/td><td class=\"column-2\">Calahorra<\/td><td class=\"column-3\">Parador de Calahorra****<\/td><td class=\"column-4\">Paseo del Mercadal, s\/n. Tel.: 941 130 358.<\/td><td class=\"column-5\"><\/td>\n<\/tr>\n<tr class=\"row-58\">\n\t<td class=\"column-1\">La Rioja<\/td><td class=\"column-2\">Calahorra<\/td><td class=\"column-3\">Hostal Gala<\/td><td class=\"column-4\">(10% de r\u00e9duction pour les p\u00e8lerins avec justificatifs). Avenida de La Estaci\u00f3n, 7. T\u00e9l\u00e9phone : 941 14 55 15.<\/td><td class=\"column-5\"><\/td>\n<\/tr>\n<tr class=\"row-59\">\n\t<td class=\"column-1\">La Rioja<\/td><td class=\"column-2\">Calahorra<\/td><td class=\"column-3\">Ciudad de Calahorra<\/td><td class=\"column-4\">C\/ Maestro Falla, 1. Tel.: 941 147 434.<\/td><td class=\"column-5\"><\/td>\n<\/tr>\n<tr class=\"row-60\">\n\t<td class=\"column-1\">La Rioja<\/td><td class=\"column-2\">Calahorra<\/td><td class=\"column-3\">Ayuntamiento<\/td><td class=\"column-4\">Tel.: 941 105 050<\/td><td class=\"column-5\"><\/td>\n<\/tr>\n<tr class=\"row-61\">\n\t<td class=\"column-1\">La Rioja<\/td><td class=\"column-2\">Calahorra<\/td><td class=\"column-3\">Albergue de peregrinos San Francisco<\/td><td class=\"column-4\">C\/ Rasillo de San Francisco s\/n. (18 places), \u00e0 c\u00f4t\u00e9 du couvent de San Francisco. T\u00e9l\u00e9phone : 941 590 511 \/ 637 736 108<\/td><td class=\"column-5\"><\/td>\n<\/tr>\n<tr class=\"row-62\">\n\t<td class=\"column-1\">La Rioja<\/td><td class=\"column-2\">Calahorra<\/td><td class=\"column-3\">Albergue de Juventud<\/td><td class=\"column-4\">Auberge de Jeunesse (pour groupes de 15 personnes et plus). Paseo de las Bolas s\/n. T\u00e9l. : 941 105 071. Il est obligatoire de faire une r\u00e9servation aupr\u00e8s de l'Office local de la jeunesse. T\u00e9l\u00e9phone : 941 146 511.<\/td><td class=\"column-5\"><\/td>\n<\/tr>\n<tr class=\"row-63\">\n\t<td class=\"column-1\">Arag\u00f3n<\/td><td class=\"column-2\">Candasnos<\/td><td class=\"column-3\">Pensi\u00f3n El Pilar<\/td><td class=\"column-4\">(ferm\u00e9 le dimanche). T\u00e9l : 974 463 017. Appelez toujours avant.<\/td><td class=\"column-5\"><\/td>\n<\/tr>\n<tr class=\"row-64\">\n\t<td class=\"column-1\">Arag\u00f3n<\/td><td class=\"column-2\">Candasnos<\/td><td class=\"column-3\">Hotel Cruzanzana**<\/td><td class=\"column-4\">2 km hors de la ville, selon l'itin\u00e9raire de la prochaine \u00e9tape, T\u00e9l : 974 463 044. Appeler avant.<\/td><td class=\"column-5\"><\/td>\n<\/tr>\n<tr class=\"row-65\">\n\t<td class=\"column-1\">Arag\u00f3n<\/td><td class=\"column-2\">Candasnos<\/td><td class=\"column-3\">Ayuntamiento<\/td><td class=\"column-4\">Tel: 974 463 001.<\/td><td class=\"column-5\"><\/td>\n<\/tr>\n<tr class=\"row-66\">\n\t<td class=\"column-1\">Catalunya<\/td><td class=\"column-2\">Castellbell i el Vilar<\/td><td class=\"column-3\">Ca la Julita. Raval del Teixidor<\/td><td class=\"column-4\">Tel: 630 333 593<\/td><td class=\"column-5\"><\/td>\n<\/tr>\n<tr class=\"row-67\">\n\t<td class=\"column-1\">Catalunya<\/td><td class=\"column-2\">Castellbell i el Vilar<\/td><td class=\"column-3\">Ayuntamiento<\/td><td class=\"column-4\">Tel: 938 340 350<\/td><td class=\"column-5\"><\/td>\n<\/tr>\n<tr class=\"row-68\">\n\t<td class=\"column-1\">Catalunya<\/td><td class=\"column-2\">Castellgal\u00ed<\/td><td class=\"column-3\">Ayuntamiento<\/td><td class=\"column-4\">T\u00e9l.938 330 021<\/td><td class=\"column-5\"><\/td>\n<\/tr>\n<tr class=\"row-69\">\n\t<td class=\"column-1\">Catalunya<\/td><td class=\"column-2\">Castellgal\u00ed<\/td><td class=\"column-3\">Albergue de peregrinos<\/td><td class=\"column-4\">689.00.83.59 Reserva:  https:\/\/www.refugipelegrinscastellgali.com\/inicio<\/td><td class=\"column-5\"><\/td>\n<\/tr>\n<tr class=\"row-70\">\n\t<td class=\"column-1\">Catalunya<\/td><td class=\"column-2\">Castellnou de Seana<\/td><td class=\"column-3\">Casa Rural Oliv\u00e9<\/td><td class=\"column-4\">Tel: 973 321 373.<\/td><td class=\"column-5\"><\/td>\n<\/tr>\n<tr class=\"row-71\">\n\t<td class=\"column-1\">Catalunya<\/td><td class=\"column-2\">Castellnou de Seana<\/td><td class=\"column-3\">Ayuntamiento<\/td><td class=\"column-4\">El Ayuntamiento ofrece refugio para 8 peregrinos. Tel: 607 784 458 \/ 973 320 705. En el Caf\u00e8 Modern se puede recabar informaci\u00f3n (c\/ Sant Blai, 23. Tel: 973 320 843 \/ 655 926 549).<\/td><td class=\"column-5\"><\/td>\n<\/tr>\n<tr class=\"row-72\">\n\t<td class=\"column-1\">Catalunya<\/td><td class=\"column-2\">Castellol\u00ed<\/td><td class=\"column-3\">Ayuntamiento<\/td><td class=\"column-4\">T\u00e9l : 938 084 000. Ils ont inaugur\u00e9 un nouveau refuge.<\/td><td class=\"column-5\"><\/td>\n<\/tr>\n<tr class=\"row-73\">\n\t<td class=\"column-1\">Catalunya<\/td><td class=\"column-2\">Cervera<\/td><td class=\"column-3\">Hostal la Savina<\/td><td class=\"column-4\">Cam\u00ed dels Horts 2, Tel:973 531 393<\/td><td class=\"column-5\"><\/td>\n<\/tr>\n<tr class=\"row-74\">\n\t<td class=\"column-1\">Catalunya<\/td><td class=\"column-2\">Cervera<\/td><td class=\"column-3\">Hostal Bonavista Cervera***<\/td><td class=\"column-4\">Av. Catalunya, 14. Tel: 973 530 027<\/td><td class=\"column-5\"><\/td>\n<\/tr>\n<tr class=\"row-75\">\n\t<td class=\"column-1\">Catalunya<\/td><td class=\"column-2\">Cervera<\/td><td class=\"column-3\">Hostal Bona Teca<\/td><td class=\"column-4\">Avinguda Mil\u00b7lenari de Catalunya, 49, 25200 Cervera Tel: 973 53 19 16<\/td><td class=\"column-5\"><\/td>\n<\/tr>\n<tr class=\"row-76\">\n\t<td class=\"column-1\">Catalunya<\/td><td class=\"column-2\">Cervera<\/td><td class=\"column-3\">Ayuntamiento<\/td><td class=\"column-4\">Tel: 973 530 002.<\/td><td class=\"column-5\"><\/td>\n<\/tr>\n<tr class=\"row-77\">\n\t<td class=\"column-1\">Catalunya<\/td><td class=\"column-2\">Cervera<\/td><td class=\"column-3\">Albergue de peregrinos Sagrada Familia<\/td><td class=\"column-4\">c\/ Sabaters 6 (entrada junto a c\/ Mayor, 51). Tel: 973 530 805.<\/td><td class=\"column-5\"><\/td>\n<\/tr>\n<tr class=\"row-78\">\n\t<td class=\"column-1\">Catalunya<\/td><td class=\"column-2\">Cervera<\/td><td class=\"column-3\"><a href=\"https:\/\/www.hostaluniversitat.com\/\" rel=\"noopener\" target=\"_blank\">Hostal Universitat<\/a><\/td><td class=\"column-4\">Pla\u00e7a Universitat, 21. Tel: 973.107.394 \/ 661.786.477 \/ 661.786.483<\/td><td class=\"column-5\"><\/td>\n<\/tr>\n<tr class=\"row-79\">\n\t<td class=\"column-1\">Euskadi<\/td><td class=\"column-2\">Eguino<\/td><td class=\"column-3\">Casa de Oraci\u00f3n Haiztur<\/td><td class=\"column-4\">(au large du Camino \u00e0 environ 5 km d'Araia) San Esteban Kalea, 1. T\u00e9l. : 945 31 46 37 e-mail : mercedariase@yahoo.es<\/td><td class=\"column-5\"><\/td>\n<\/tr>\n<tr class=\"row-80\">\n\t<td class=\"column-1\">Arag\u00f3n<\/td><td class=\"column-2\">Fraga<\/td><td class=\"column-3\">Pensi\u00f3n Olles<\/td><td class=\"column-4\">Avenida de Madrid 33, Tel: 974 453 834<\/td><td class=\"column-5\"><\/td>\n<\/tr>\n<tr class=\"row-81\">\n\t<td class=\"column-1\">Arag\u00f3n<\/td><td class=\"column-2\">Fraga<\/td><td class=\"column-3\">Hostal Tr\u00e9bol<\/td><td class=\"column-4\">Avenida de Arag\u00f3n, 9. Tel: 974 471 533<\/td><td class=\"column-5\"><\/td>\n<\/tr>\n<tr class=\"row-82\">\n\t<td class=\"column-1\">Arag\u00f3n<\/td><td class=\"column-2\">Fraga<\/td><td class=\"column-3\">Hostal Oasis<\/td><td class=\"column-4\">Ctra. Nacional II km 442, Tel 974 470 654<\/td><td class=\"column-5\"><\/td>\n<\/tr>\n<tr class=\"row-83\">\n\t<td class=\"column-1\">Arag\u00f3n<\/td><td class=\"column-2\">Fraga<\/td><td class=\"column-3\">Hostal Aribau<\/td><td class=\"column-4\">Avenida de Madrid 25, Tel: 974 471 887<\/td><td class=\"column-5\"><\/td>\n<\/tr>\n<tr class=\"row-84\">\n\t<td class=\"column-1\">Arag\u00f3n<\/td><td class=\"column-2\">Fraga<\/td><td class=\"column-3\">Ayuntamiento<\/td><td class=\"column-4\">Mairie T\u00e9l : 974 470 050. Avec un certificat de p\u00e8lerinage de la paroisse (T\u00e9l : 974 470 183 \/ 974 470 865) il y a la possibilit\u00e9 de logement moins cher.<\/td><td class=\"column-5\"><\/td>\n<\/tr>\n<tr class=\"row-85\">\n\t<td class=\"column-1\">La Rioja<\/td><td class=\"column-2\">Fuenmayor<\/td><td class=\"column-3\">Pensi\u00f3n \u00dabeda<\/td><td class=\"column-4\">Calle \u00dabeda n\u00ba15, Tel: 663 77 96 29<\/td><td class=\"column-5\"><\/td>\n<\/tr>\n<tr class=\"row-86\">\n\t<td class=\"column-1\">La Rioja<\/td><td class=\"column-2\">Fuenmayor<\/td><td class=\"column-3\">Pensi\u00f3n Fuenmayor<\/td><td class=\"column-4\">Avenida de la Ciudad de Cenicero, 7. Tel: 941 450 152<\/td><td class=\"column-5\"><\/td>\n<\/tr>\n<tr class=\"row-87\">\n\t<td class=\"column-1\">La Rioja<\/td><td class=\"column-2\">Fuenmayor<\/td><td class=\"column-3\">Hostal Labranza**<\/td><td class=\"column-4\">Avenida de la Estaci\u00f3n, 1. Tel: 941 451 028<\/td><td class=\"column-5\"><\/td>\n<\/tr>\n<tr class=\"row-88\">\n\t<td class=\"column-1\">La Rioja<\/td><td class=\"column-2\">Fuenmayor<\/td><td class=\"column-3\">Ayuntamiento<\/td><td class=\"column-4\">Tel: 941 450 014.<\/td><td class=\"column-5\"><\/td>\n<\/tr>\n<tr class=\"row-89\">\n\t<td class=\"column-1\">Arag\u00f3n<\/td><td class=\"column-2\">Fuentes de Ebro<\/td><td class=\"column-3\">Hostal Texas<\/td><td class=\"column-4\">Mayor 15, Tel: 976 160 419.<\/td><td class=\"column-5\"><\/td>\n<\/tr>\n<tr class=\"row-90\">\n\t<td class=\"column-1\">Arag\u00f3n<\/td><td class=\"column-2\">Fuentes de Ebro<\/td><td class=\"column-3\">Hostal San Miguel<\/td><td class=\"column-4\">Calle de Trinque 8, Tel: 976 169 071<\/td><td class=\"column-5\"><\/td>\n<\/tr>\n<tr class=\"row-91\">\n\t<td class=\"column-1\">Arag\u00f3n<\/td><td class=\"column-2\">Fuentes de Ebro<\/td><td class=\"column-3\">Hostal Patio**<\/td><td class=\"column-4\">Calle de los Sitios 37, Tel.: 976 161 065<\/td><td class=\"column-5\"><\/td>\n<\/tr>\n<tr class=\"row-92\">\n\t<td class=\"column-1\">Arag\u00f3n<\/td><td class=\"column-2\">Fuentes de Ebro<\/td><td class=\"column-3\">Hostal Elena**<\/td><td class=\"column-4\">Avda. Santiago Lapuente 9-11, Tel: 976 160 267 \/ 628 478 199.<\/td><td class=\"column-5\"><\/td>\n<\/tr>\n<tr class=\"row-93\">\n\t<td class=\"column-1\">Arag\u00f3n<\/td><td class=\"column-2\">Fuentes de Ebro<\/td><td class=\"column-3\">Ayuntamiento<\/td><td class=\"column-4\">Tel: 976 169 100.<\/td><td class=\"column-5\"><\/td>\n<\/tr>\n<tr class=\"row-94\">\n\t<td class=\"column-1\">Navarra<\/td><td class=\"column-2\">Gallur<\/td><td class=\"column-3\">Hostal El Colono<\/td><td class=\"column-4\">Tel: 976 864 275.<\/td><td class=\"column-5\"><\/td>\n<\/tr>\n<tr class=\"row-95\">\n\t<td class=\"column-1\">Navarra<\/td><td class=\"column-2\">Gallur<\/td><td class=\"column-3\">Ayuntamiento<\/td><td class=\"column-4\">T\u00e9l. : 976 864 073. Entr\u00e9e gratuite aux piscines municipales sur pr\u00e9sentation de la carte du p\u00e8lerin.<\/td><td class=\"column-5\"><\/td>\n<\/tr>\n<tr class=\"row-96\">\n\t<td class=\"column-1\">Navarra<\/td><td class=\"column-2\">Gallur<\/td><td class=\"column-3\">Albergue de peregrinos<\/td><td class=\"column-4\">(32 places. \u00c0 c\u00f4t\u00e9 de la gare). T\u00e9l\u00e9phone : 876 150 145.<\/td><td class=\"column-5\"><\/td>\n<\/tr>\n<tr class=\"row-97\">\n\t<td class=\"column-1\">Euskadi<\/td><td class=\"column-2\">Genevilla<\/td><td class=\"column-3\">Ayuntamiento<\/td><td class=\"column-4\">Tel: 948 444 130.<\/td><td class=\"column-5\"><\/td>\n<\/tr>\n<tr class=\"row-98\">\n\t<td class=\"column-1\">Euskadi<\/td><td class=\"column-2\">Genevilla<\/td><td class=\"column-3\"><a href=\"https:\/\/www.clubrural.com\/casa-rural\/navarra\/genevilla\/el-encinedo_131539\" rel=\"noopener\" target=\"_blank\">Casa Rural El Encinedo<\/a><\/td><td class=\"column-4\">(8 places). C\/ Norte, 2. T\u00e9l\u00e9phone : 948 444 016<\/td><td class=\"column-5\"><\/td>\n<\/tr>\n<tr class=\"row-99\">\n\t<td class=\"column-1\">Euskadi<\/td><td class=\"column-2\">Genevilla<\/td><td class=\"column-3\"><a href=\"http:\/\/www.casa-usategieta.com\/\" rel=\"noopener\" target=\"_blank\">Casa Rural Usategieta<\/a><\/td><td class=\"column-4\">Tel: 649 851 602 \/ 948 378 926.<\/td><td class=\"column-5\"><\/td>\n<\/tr>\n<tr class=\"row-100\">\n\t<td class=\"column-1\">Catalunya<\/td><td class=\"column-2\">Igualada<\/td><td class=\"column-3\">Refugio de peregrinos<\/td><td class=\"column-4\"><strong>Cal Maco<\/strong>, Albergue y Oficina de Turismo.<br \/>\r\nPla\u00e7a de la Creu, 18, Igualada<br \/>\r\n<a href=\"https:\/\/albergcalmaco.com\" rel=\"noopener\" target=\"_blank\">https:\/\/albergcalmaco.com<\/a> <br \/>\r\n<a href=\"mailto:info@albergcalmaco.com\" rel=\"noopener\" target=\"_blank\">info@albergcalmaco.com<\/a> <br \/>\r\n93 516 40 16<br \/>\r\n<\/td><td class=\"column-5\"><\/td>\n<\/tr>\n<tr class=\"row-101\">\n\t<td class=\"column-1\">Catalunya<\/td><td class=\"column-2\">Igualada<\/td><td class=\"column-3\">Pensi\u00f3n Canaletas<\/td><td class=\"column-4\">Av. Mestre Montaner, 60. Tel: 938 032 750<\/td><td class=\"column-5\"><\/td>\n<\/tr>\n<tr class=\"row-102\">\n\t<td class=\"column-1\">Catalunya<\/td><td class=\"column-2\">Igualada<\/td><td class=\"column-3\">Hotel Am\u00e9rica***<\/td><td class=\"column-4\">Av. Mestre Montaner, 44-45. Tel: 938 031 000.<\/td><td class=\"column-5\"><\/td>\n<\/tr>\n<tr class=\"row-103\">\n\t<td class=\"column-1\">Catalunya<\/td><td class=\"column-2\">Igualada<\/td><td class=\"column-3\">Ayuntamiento<\/td><td class=\"column-4\">Tel: 938 031 950.<\/td><td class=\"column-5\"><\/td>\n<\/tr>\n<tr class=\"row-104\">\n\t<td class=\"column-1\">Catalunya<\/td><td class=\"column-2\">Igualada<\/td><td class=\"column-3\">Albergue Nuestra Se\u00f1ora de la Merc\u00e8<\/td><td class=\"column-4\">c\/ Nuestra Se\u00f1ora de la Merc\u00e8, n\u00ba 1. Tel: 627429773. Abierto: de Julio a Octubre.<\/td><td class=\"column-5\"><\/td>\n<\/tr>\n<tr class=\"row-105\">\n\t<td class=\"column-1\">Catalunya<\/td><td class=\"column-2\">Jorba<\/td><td class=\"column-3\">Albergue de peregrinos<\/td><td class=\"column-4\">Plaza de la Fuente, 3, tel. 938 094 101<\/td><td class=\"column-5\"><\/td>\n<\/tr>\n<tr class=\"row-106\">\n\t<td class=\"column-1\">Catalunya<\/td><td class=\"column-2\">La Panadella<\/td><td class=\"column-3\">Hostal Bayona<\/td><td class=\"column-4\">(avec prix sp\u00e9cial pour les p\u00e8lerins, sur demande). T\u00e9l\u00e9phone : 938 092 011.<\/td><td class=\"column-5\"><\/td>\n<\/tr>\n<tr class=\"row-107\">\n\t<td class=\"column-1\">Euskadi<\/td><td class=\"column-2\">Laguardia<\/td><td class=\"column-3\">Hotel Villa De Laguardia****<\/td><td class=\"column-4\">Paseo de San Raimundo, 15 Tel: 945 600 560.<\/td><td class=\"column-5\"><\/td>\n<\/tr>\n<tr class=\"row-108\">\n\t<td class=\"column-1\">Euskadi<\/td><td class=\"column-2\">Laguardia<\/td><td class=\"column-3\">Hotel Posada Mayor de Migueloa**<\/td><td class=\"column-4\">Calle Mayor, 20 Tel: 945 621 175<\/td><td class=\"column-5\"><\/td>\n<\/tr>\n<tr class=\"row-109\">\n\t<td class=\"column-1\">Euskadi<\/td><td class=\"column-2\">Laguardia<\/td><td class=\"column-3\">Hotel Marixa*<\/td><td class=\"column-4\">Sancho Abarca, 8 Tel: 945 600 165.<\/td><td class=\"column-5\"><\/td>\n<\/tr>\n<tr class=\"row-110\">\n\t<td class=\"column-1\">Euskadi<\/td><td class=\"column-2\">Laguardia<\/td><td class=\"column-3\">Hotel Eguren Ugarte *<\/td><td class=\"column-4\">(en P\u00e1ganos-Laguardia) Tel: 945 600 766.<\/td><td class=\"column-5\"><\/td>\n<\/tr>\n<tr class=\"row-111\">\n\t<td class=\"column-1\">Euskadi<\/td><td class=\"column-2\">Laguardia<\/td><td class=\"column-3\">Hotel Castillo El Collado**<\/td><td class=\"column-4\">Paseo El Collado Tel: 945 621 200.<\/td><td class=\"column-5\"><\/td>\n<\/tr>\n<tr class=\"row-112\">\n\t<td class=\"column-1\">Euskadi<\/td><td class=\"column-2\">Laguardia<\/td><td class=\"column-3\">Hostal Biazteri<\/td><td class=\"column-4\">Berberana, 1 Tel: 945 600 026.<\/td><td class=\"column-5\"><\/td>\n<\/tr>\n<tr class=\"row-113\">\n\t<td class=\"column-1\">Euskadi<\/td><td class=\"column-2\">Laguardia<\/td><td class=\"column-3\">Hospeder\u00eda Los Parajes***<\/td><td class=\"column-4\">Calle Mayor, 46-48 Tel: 945 621 130.<\/td><td class=\"column-5\"><\/td>\n<\/tr>\n<tr class=\"row-114\">\n\t<td class=\"column-1\">Euskadi<\/td><td class=\"column-2\">Laguardia<\/td><td class=\"column-3\">Casa Rural Legado de Zabala<\/td><td class=\"column-4\">(location compl\u00e8te) T\u00e9l 945 600 114 \/ 699 621 841<\/td><td class=\"column-5\"><\/td>\n<\/tr>\n<tr class=\"row-115\">\n\t<td class=\"column-1\">Euskadi<\/td><td class=\"column-2\">Laguardia<\/td><td class=\"column-3\">Casa Rural Legado de Ugarte<\/td><td class=\"column-4\">Tel: 945 600 114 \/ 699 621 841<\/td><td class=\"column-5\"><\/td>\n<\/tr>\n<tr class=\"row-116\">\n\t<td class=\"column-1\">Euskadi<\/td><td class=\"column-2\">Laguardia<\/td><td class=\"column-3\">Ayuntamiento<\/td><td class=\"column-4\">Oficina de Turismo. Tel.: 945 600 845<\/td><td class=\"column-5\"><\/td>\n<\/tr>\n<tr class=\"row-117\">\n\t<td class=\"column-1\">Euskadi<\/td><td class=\"column-2\">Laguardia<\/td><td class=\"column-3\">Agroturismo Se\u00f1or\u00edo de las Vi\u00f1as<\/td><td class=\"column-4\">(en Laserna-Laguardia) Tel: 945 621 110 \/ 629 644 710.<\/td><td class=\"column-5\"><\/td>\n<\/tr>\n<tr class=\"row-118\">\n\t<td class=\"column-1\">Euskadi<\/td><td class=\"column-2\">Laguardia<\/td><td class=\"column-3\">Agroturismo Larretxori<\/td><td class=\"column-4\">(9 plazas) Portal de P\u00e1ganos s\/n Tel: 945 600 763.<\/td><td class=\"column-5\"><\/td>\n<\/tr>\n<tr class=\"row-119\">\n\t<td class=\"column-1\">La Rioja<\/td><td class=\"column-2\">Lapuebla de Labarca<\/td><td class=\"column-3\">Casa Rural Kandela Etxea<\/td><td class=\"column-4\">Mari Cruz Saenz Diaz, 14 Telf: 669 217 711<\/td><td class=\"column-5\"><\/td>\n<\/tr>\n<tr class=\"row-120\">\n\t<td class=\"column-1\">La Rioja<\/td><td class=\"column-2\">Lapuebla de Labarca<\/td><td class=\"column-3\">Casa Rural Barkero Etxea<\/td><td class=\"column-4\">(capacit\u00e9 10 personnes) C\/ Mayor, 25 Tel: 945 627 218<\/td><td class=\"column-5\"><\/td>\n<\/tr>\n<tr class=\"row-121\">\n\t<td class=\"column-1\">La Rioja<\/td><td class=\"column-2\">Lapuebla de Labarca<\/td><td class=\"column-3\">Ayuntamiento<\/td><td class=\"column-4\">Tel: 945 607 051.<\/td><td class=\"column-5\"><\/td>\n<\/tr>\n<tr class=\"row-122\">\n\t<td class=\"column-1\">Euskadi<\/td><td class=\"column-2\">LEGAZPI<\/td><td class=\"column-3\">Hotel Mauleon**<\/td><td class=\"column-4\">C\/ Nafarroa, 16. Tel: 943 730 870<\/td><td class=\"column-5\"><\/td>\n<\/tr>\n<tr class=\"row-123\">\n\t<td class=\"column-1\">Catalunya<\/td><td class=\"column-2\">Lleida<\/td><td class=\"column-3\">Hotel Real Lleida***<\/td><td class=\"column-4\">Avinguda de Blondel, 22. Tel: 973 271 031<\/td><td class=\"column-5\"><\/td>\n<\/tr>\n<tr class=\"row-124\">\n\t<td class=\"column-1\">Catalunya<\/td><td class=\"column-2\">Lleida<\/td><td class=\"column-3\">Hotel Goya<\/td><td class=\"column-4\">c\/ Alcalde Costa 9 Tel: 973 266 788<\/td><td class=\"column-5\"><\/td>\n<\/tr>\n<tr class=\"row-125\">\n\t<td class=\"column-1\">Catalunya<\/td><td class=\"column-2\">Lleida<\/td><td class=\"column-3\">Hotel Catalonia Transit***<\/td><td class=\"column-4\">Tel: 973 230 008.<\/td><td class=\"column-5\"><\/td>\n<\/tr>\n<tr class=\"row-126\">\n\t<td class=\"column-1\">Catalunya<\/td><td class=\"column-2\">Lleida<\/td><td class=\"column-3\">Albergue de Sant Anastasi<\/td><td class=\"column-4\">Rambla d\u2019Arag\u00f3, 11. Tel: 973 266 099 (precio especial para los peregrinos).<\/td><td class=\"column-5\"><\/td>\n<\/tr>\n<tr class=\"row-127\">\n\t<td class=\"column-1\">La Rioja<\/td><td class=\"column-2\">Logro\u00f1o<\/td><td class=\"column-3\">Pensi\u00f3n El Camino<\/td><td class=\"column-4\">C\/ Industria, 2. Tel.: 606 735 862 \/ 941 206 314<\/td><td class=\"column-5\"><\/td>\n<\/tr>\n<tr class=\"row-128\">\n\t<td class=\"column-1\">La Rioja<\/td><td class=\"column-2\">Logro\u00f1o<\/td><td class=\"column-3\">Hotel La Numantina<\/td><td class=\"column-4\">C\/ de Sagasta, 4. Tel.: 941 251 411.<\/td><td class=\"column-5\"><\/td>\n<\/tr>\n<tr class=\"row-129\">\n\t<td class=\"column-1\">La Rioja<\/td><td class=\"column-2\">Logro\u00f1o<\/td><td class=\"column-3\">Ayuntamiento<\/td><td class=\"column-4\">Tel.: 941 277 000<\/td><td class=\"column-5\"><\/td>\n<\/tr>\n<tr class=\"row-130\">\n\t<td class=\"column-1\">La Rioja<\/td><td class=\"column-2\">Logro\u00f1o<\/td><td class=\"column-3\">Asociaci\u00f3n Juvenil Ayedo<\/td><td class=\"column-4\">Plaza Alf\u00e9rez Provisional, 1. Tel.: 941 229 014.<\/td><td class=\"column-5\"><\/td>\n<\/tr>\n<tr class=\"row-131\">\n\t<td class=\"column-1\">La Rioja<\/td><td class=\"column-2\">Logro\u00f1o<\/td><td class=\"column-3\">Albergue Santiago Ap\u00f3stol<\/td><td class=\"column-4\">C\/ Ruavieja, 42 Tel: 941 25 69 76 \/ 670 993 560<\/td><td class=\"column-5\"><\/td>\n<\/tr>\n<tr class=\"row-132\">\n\t<td class=\"column-1\">La Rioja<\/td><td class=\"column-2\">Logro\u00f1o<\/td><td class=\"column-3\">Albergue de peregrinos<\/td><td class=\"column-4\">(100 plazas). C\/ Rua vieja, 32. Tel.: 941 248 686.<\/td><td class=\"column-5\"><\/td>\n<\/tr>\n<tr class=\"row-133\">\n\t<td class=\"column-1\">La Rioja<\/td><td class=\"column-2\">Logro\u00f1o<\/td><td class=\"column-3\"><a href=\"http:\/\/www.santiagoelreal.org\/\" rel=\"noopener\" target=\"_blank\">Albergue parroquial de Santiago<\/a><\/td><td class=\"column-4\">C\/ Barriocepo, 8, 1\u00ba Tel: 941 209 501<\/td><td class=\"column-5\"><\/td>\n<\/tr>\n<tr class=\"row-134\">\n\t<td class=\"column-1\">La Rioja<\/td><td class=\"column-2\">Logro\u00f1o<\/td><td class=\"column-3\"><a href=\"http:\/\/www.hostellogrono.com\" rel=\"noopener\" target=\"_blank\">Hostel Entresue\u00f1os<\/a><\/td><td class=\"column-4\">C\/ Portales, 12 Tel: 941 271 334<\/td><td class=\"column-5\"><\/td>\n<\/tr>\n<tr class=\"row-135\">\n\t<td class=\"column-1\">La Rioja<\/td><td class=\"column-2\">Logro\u00f1o<\/td><td class=\"column-3\"><a href=\"http:\/\/www.checkinrioja.com\/\" rel=\"noopener\" target=\"_blank\">Albergue de Peregrinos Check in Rioja<\/a><\/td><td class=\"column-4\">C\/ Los Ba\u00f1os, 2 Tel: 941 272 329<\/td><td class=\"column-5\"><\/td>\n<\/tr>\n<tr class=\"row-136\">\n\t<td class=\"column-1\">La Rioja<\/td><td class=\"column-2\">Logro\u00f1o<\/td><td class=\"column-3\"><a href=\"http:\/\/www.alberguelogrono.es\/\" rel=\"noopener\" target=\"_blank\">Albergue Logro\u00f1o<\/a><\/td><td class=\"column-4\">C\/ Capit\u00e1n Gallarza, 10 Tel: 941 254 226<\/td><td class=\"column-5\"><\/td>\n<\/tr>\n<tr class=\"row-137\">\n\t<td class=\"column-1\">La Rioja<\/td><td class=\"column-2\">Logro\u00f1o<\/td><td class=\"column-3\"><a href=\"http:\/\/www.alberguealbas.es\/\" rel=\"noopener\" target=\"_blank\">Albergue de Peregrinos Albas<\/a><\/td><td class=\"column-4\">Plaza Mart\u00ednez Flamarique, 4 bajo Tel: 941 700 832<\/td><td class=\"column-5\"><\/td>\n<\/tr>\n<tr class=\"row-138\">\n\t<td class=\"column-1\">Arag\u00f3n<\/td><td class=\"column-2\">Luceni<\/td><td class=\"column-3\">Pensi\u00f3n Alejandro<\/td><td class=\"column-4\">, Calle del Horno 1, Tel.: 679 441 838<\/td><td class=\"column-5\"><\/td>\n<\/tr>\n<tr class=\"row-139\">\n\t<td class=\"column-1\">Arag\u00f3n<\/td><td class=\"column-2\">Luceni<\/td><td class=\"column-3\">Hotel La Imperial**<\/td><td class=\"column-4\">Ctra. Logro\u00f1o, km 37. Tel.: 976 652 111.<\/td><td class=\"column-5\"><\/td>\n<\/tr>\n<tr class=\"row-140\">\n\t<td class=\"column-1\">Arag\u00f3n<\/td><td class=\"column-2\">Luceni<\/td><td class=\"column-3\">Ayuntamiento<\/td><td class=\"column-4\">Tel.: 976 652 003.<\/td><td class=\"column-5\"><\/td>\n<\/tr>\n<tr class=\"row-141\">\n\t<td class=\"column-1\">Navarra<\/td><td class=\"column-2\">Mall\u00e9n<\/td><td class=\"column-3\">Hostal Pinocho<\/td><td class=\"column-4\">c\/ Tudela, 4. Tel.: 976 850 225.<\/td><td class=\"column-5\"><\/td>\n<\/tr>\n<tr class=\"row-142\">\n\t<td class=\"column-1\">Navarra<\/td><td class=\"column-2\">Mall\u00e9n<\/td><td class=\"column-3\">Ayuntamiento<\/td><td class=\"column-4\">Tel.: 976 850 005.<\/td><td class=\"column-5\"><\/td>\n<\/tr>\n<tr class=\"row-143\">\n\t<td class=\"column-1\">Navarra<\/td><td class=\"column-2\">Mall\u00e9n<\/td><td class=\"column-3\">Albergue Peregrinos<\/td><td class=\"column-4\">Paradero 3, Tel: 976 850 374 \/\/ 618 998 839<\/td><td class=\"column-5\"><\/td>\n<\/tr>\n<tr class=\"row-144\">\n\t<td class=\"column-1\">Catalunya<\/td><td class=\"column-2\">Manresa<\/td><td class=\"column-3\">Pensi\u00f3n Roser Manila Sant Andreu<\/td><td class=\"column-4\">Carrer Sant Andreu, 9, Tel. 938 725 908.<\/td><td class=\"column-5\"><\/td>\n<\/tr>\n<tr class=\"row-145\">\n\t<td class=\"column-1\">Catalunya<\/td><td class=\"column-2\">Manresa<\/td><td class=\"column-3\">Pensi\u00f3n La Masia<\/td><td class=\"column-4\">Pla\u00e7a Sant Ignasi, 22, Tel. 938 724 237<\/td><td class=\"column-5\"><\/td>\n<\/tr>\n<tr class=\"row-146\">\n\t<td class=\"column-1\">Catalunya<\/td><td class=\"column-2\">Manresa<\/td><td class=\"column-3\">Hotel Els Noguers**<\/td><td class=\"column-4\">Avinguda Pa\u00efsos Catalans, 167, Tel. 938 743 258.<\/td><td class=\"column-5\"><\/td>\n<\/tr>\n<tr class=\"row-147\">\n\t<td class=\"column-1\">Catalunya<\/td><td class=\"column-2\">Manresa<\/td><td class=\"column-3\">Hotel 1948<\/td><td class=\"column-4\">Carretera de Santpedor 54 \u2013 58, Tel. 938 748 216.<\/td><td class=\"column-5\"><\/td>\n<\/tr>\n<tr class=\"row-148\">\n\t<td class=\"column-1\">Catalunya<\/td><td class=\"column-2\">Manresa<\/td><td class=\"column-3\">Hostal Tur\u00f3 de la Torre<\/td><td class=\"column-4\">C\/. Sallent, s\/n Pol\u00edgon Els Dolors Tel. 938 733 286<\/td><td class=\"column-5\"><\/td>\n<\/tr>\n<tr class=\"row-149\">\n\t<td class=\"column-1\">Catalunya<\/td><td class=\"column-2\">Manresa<\/td><td class=\"column-3\">Casa d\u2019Exercicis, La Cova de Sant Ignasi<\/td><td class=\"column-4\">Cam\u00ed de la Cova, 17 T\u00e9l. : 938 720 422. (appeler \u00e0 l'avance)<\/td><td class=\"column-5\"><\/td>\n<\/tr>\n<tr class=\"row-150\">\n\t<td class=\"column-1\">Catalunya<\/td><td class=\"column-2\">Manresa<\/td><td class=\"column-3\">Apartaments Tur\u00edstics<\/td><td class=\"column-4\">www.manresaapartments.com \/ rentals@manresaapartments.com \/ Tel: 660 551 333<\/td><td class=\"column-5\"><\/td>\n<\/tr>\n<tr class=\"row-151\">\n\t<td class=\"column-1\">Catalunya<\/td><td class=\"column-2\">Manresa<\/td><td class=\"column-3\">Apartaments Manresa<\/td><td class=\"column-4\">Tel: 660 551 333<\/td><td class=\"column-5\"><\/td>\n<\/tr>\n<tr class=\"row-152\">\n\t<td class=\"column-1\">Catalunya<\/td><td class=\"column-2\">Manresa<\/td><td class=\"column-3\">Apartaments la Farola<\/td><td class=\"column-4\">C\/ Canyelles, 5 Tel: 938 731 300<\/td><td class=\"column-5\"><\/td>\n<\/tr>\n<tr class=\"row-153\">\n\t<td class=\"column-1\">Catalunya<\/td><td class=\"column-2\">Manresa<\/td><td class=\"column-3\">Apartaments Grup Urbi<\/td><td class=\"column-4\">C\/ Codinella, 9. Entresol 2\u00aa. Tel: 938 768 241 - 606 993 537<\/td><td class=\"column-5\"><\/td>\n<\/tr>\n<tr class=\"row-154\">\n\t<td class=\"column-1\">Catalunya<\/td><td class=\"column-2\">Manresa<\/td><td class=\"column-3\">Apartamento<\/td><td class=\"column-4\">http:\/\/www.somiarte.com\/#!bb\/ctac \/ somiartetaller@gmail.com \/ Tel: 630 538 838<\/td><td class=\"column-5\"><\/td>\n<\/tr>\n<tr class=\"row-155\">\n\t<td class=\"column-1\">Catalunya<\/td><td class=\"column-2\">Manresa<\/td><td class=\"column-3\"><a href=\"http:\/\/www.xanascat.cat\/choosehostellang.tjc?id=237&amp;lang=es&amp;index=13\" rel=\"noopener\" target=\"_blank\">Alberg del Carme<\/a><\/td><td class=\"column-4\">Pl. Milcentenari, s\/n. T\u00e9l. 938 750 396 (precio especial peregrinos)<\/td><td class=\"column-5\"><\/td>\n<\/tr>\n<tr class=\"row-156\">\n\t<td class=\"column-1\">Euskadi<\/td><td class=\"column-2\">Meano<\/td><td class=\"column-3\">Casa Rural Atalaya.<\/td><td class=\"column-4\">(5 habitaciones, 60 \u20ac). Tel: 660 905 113 \/\/ 660 222 381<\/td><td class=\"column-5\"><\/td>\n<\/tr>\n<tr class=\"row-157\">\n\t<td class=\"column-1\">Catalunya<\/td><td class=\"column-2\">Monistrol de Montserrat<\/td><td class=\"column-3\">Hostal Guilleumes Montserrat<\/td><td class=\"column-4\">C\/ Escoles 5. Tel: 938 284 065<\/td><td class=\"column-5\"><\/td>\n<\/tr>\n<tr class=\"row-158\">\n\t<td class=\"column-1\">Catalunya<\/td><td class=\"column-2\">Monistrol de Montserrat<\/td><td class=\"column-3\">Cal Gaitero<\/td><td class=\"column-4\">C\/ Sant Pere, 39, Baixos. Tel: 617 140 405<\/td><td class=\"column-5\"><\/td>\n<\/tr>\n<tr class=\"row-159\">\n\t<td class=\"column-1\">Catalunya<\/td><td class=\"column-2\">Montserrat<\/td><td class=\"column-3\">Hotel Abad Cisneros***<\/td><td class=\"column-4\">Tel: 938 777 701<\/td><td class=\"column-5\"><\/td>\n<\/tr>\n<tr class=\"row-160\">\n\t<td class=\"column-1\">Catalunya<\/td><td class=\"column-2\">Montserrat<\/td><td class=\"column-3\"><a href=\"http:\/\/www.abadiamontserrat.net\" rel=\"noopener\" target=\"_blank\">Refugio del Monasterio para peregrinos<\/a><\/td><td class=\"column-4\">Au Centre de Coordination Pastorale. T\u00e9l 938 777 766 (vous devez arriver avant 17h30). Informations du Monast\u00e8re. T\u00e9l\u00e9phone : 938 777 765.<\/td><td class=\"column-5\"><\/td>\n<\/tr>\n<tr class=\"row-161\">\n\t<td class=\"column-1\">Arag\u00f3n<\/td><td class=\"column-2\">Monzalbarba<\/td><td class=\"column-3\">Ayuntamiento<\/td><td class=\"column-4\">Tel.: 976 462 315<\/td><td class=\"column-5\"><\/td>\n<\/tr>\n<tr class=\"row-162\">\n\t<td class=\"column-1\">La Rioja<\/td><td class=\"column-2\">Navarrete<\/td><td class=\"column-3\">Hotel San Camilo ***<\/td><td class=\"column-4\">Carretera de Fuenmayor 4, Tel: 941 441 111<\/td><td class=\"column-5\"><\/td>\n<\/tr>\n<tr class=\"row-163\">\n\t<td class=\"column-1\">La Rioja<\/td><td class=\"column-2\">Navarrete<\/td><td class=\"column-3\">Hotel Rey Sancho***<\/td><td class=\"column-4\">Calle Mayor Alta 5, Tel: 941 441 378<\/td><td class=\"column-5\"><\/td>\n<\/tr>\n<tr class=\"row-164\">\n\t<td class=\"column-1\">La Rioja<\/td><td class=\"column-2\">Navarrete<\/td><td class=\"column-3\">Hostal Villa de Navarrete*<\/td><td class=\"column-4\">C\/ la Cruz, 2. Tel: 941 440 318.<\/td><td class=\"column-5\"><\/td>\n<\/tr>\n<tr class=\"row-165\">\n\t<td class=\"column-1\">La Rioja<\/td><td class=\"column-2\">Navarrete<\/td><td class=\"column-3\">Ayuntamiento<\/td><td class=\"column-4\">Tel: 941 440 005<\/td><td class=\"column-5\"><\/td>\n<\/tr>\n<tr class=\"row-166\">\n\t<td class=\"column-1\">La Rioja<\/td><td class=\"column-2\">Navarrete<\/td><td class=\"column-3\">Alberque Tur\u00edstico El C\u00e1ntaro<\/td><td class=\"column-4\">C\/ Herrer\u00edas, 16. Tel: 941 441 180.<\/td><td class=\"column-5\"><\/td>\n<\/tr>\n<tr class=\"row-167\">\n\t<td class=\"column-1\">La Rioja<\/td><td class=\"column-2\">Navarrete<\/td><td class=\"column-3\">Albergue Pilgrim's<\/td><td class=\"column-4\">C\/ Abad\u00eda, 1 Tel: 941 441 550<\/td><td class=\"column-5\"><\/td>\n<\/tr>\n<tr class=\"row-168\">\n\t<td class=\"column-1\">La Rioja<\/td><td class=\"column-2\">Navarrete<\/td><td class=\"column-3\">Albergue municipal<\/td><td class=\"column-4\">(40 plazas). C\/ de la Cruz s\/n. Tel: 941 440 776<\/td><td class=\"column-5\"><\/td>\n<\/tr>\n<tr class=\"row-169\">\n\t<td class=\"column-1\">La Rioja<\/td><td class=\"column-2\">Navarrete<\/td><td class=\"column-3\">Albergue Asociaci\u00f3n Riojana de Amigos del Camino de Santiago<\/td><td class=\"column-4\">Tel: 941 260 234 \/ 941 239 201.<\/td><td class=\"column-5\"><\/td>\n<\/tr>\n<tr class=\"row-170\">\n\t<td class=\"column-1\">La Rioja<\/td><td class=\"column-2\">Navarrete<\/td><td class=\"column-3\"><a href=\"https:\/\/posadaignatius.com\/?lang=es\" rel=\"noopener\" target=\"_blank\">A Posada Ignatius<\/a><\/td><td class=\"column-4\">Plaza del Arco, 4, Tel: 941 124 094<\/td><td class=\"column-5\"><\/td>\n<\/tr>\n<tr class=\"row-171\">\n\t<td class=\"column-1\">La Rioja<\/td><td class=\"column-2\">Navarrete<\/td><td class=\"column-3\"><a href=\"https:\/\/alberguenavarrete.wordpress.com\/contacto\/\" rel=\"noopener\" target=\"_blank\">Albergue La Casa del Peregrino<\/a><\/td><td class=\"column-4\">C\/ Las Huertas n\u00ba 3 Tel: 630 982 928<\/td><td class=\"column-5\"><\/td>\n<\/tr>\n<tr class=\"row-172\">\n\t<td class=\"column-1\">La Rioja<\/td><td class=\"column-2\">Navarrete<\/td><td class=\"column-3\"><a href=\"http:\/\/www.alberguebuencamino.es\/\" rel=\"noopener\" target=\"_blank\">Albergue Buen Camino<\/a><\/td><td class=\"column-4\">C\/ La Cruz, 2 Tel: 681 252 222 \/ 941 440 318<\/td><td class=\"column-5\"><\/td>\n<\/tr>\n<tr class=\"row-173\">\n\t<td class=\"column-1\">Euskadi<\/td><td class=\"column-2\">Orbiso<\/td><td class=\"column-3\">Agroturismo Mariv\u00ed<\/td><td class=\"column-4\">Calle Herrer\u00eda, 7-9. Orbiso Tel: 945 415 030.<\/td><td class=\"column-5\"><\/td>\n<\/tr>\n<tr class=\"row-174\">\n\t<td class=\"column-1\">Catalunya<\/td><td class=\"column-2\">Palau d\u00b4Anglesola<\/td><td class=\"column-3\">Refugio Peregrinos<\/td><td class=\"column-4\">Amics del Cam\u00ed, amics.del.cami@gmail.com Telf. 629 68 40 63 http:\/\/amicsdelcami.elpalaudanglesola.cat\/<\/td><td class=\"column-5\"><\/td>\n<\/tr>\n<tr class=\"row-175\">\n\t<td class=\"column-1\">Catalunya<\/td><td class=\"column-2\">Palau d\u00b4Anglesola<\/td><td class=\"column-3\">Pensi\u00f3n Sant Antoni**<\/td><td class=\"column-4\">C\/ Sant Antoni, 7. Tel: 973 602 158.<\/td><td class=\"column-5\"><\/td>\n<\/tr>\n<tr class=\"row-176\">\n\t<td class=\"column-1\">Catalunya<\/td><td class=\"column-2\">Palau d\u00b4Anglesola<\/td><td class=\"column-3\">Ayuntamiento<\/td><td class=\"column-4\">Tel: 973 601 314.<\/td><td class=\"column-5\"><\/td>\n<\/tr>\n<tr class=\"row-177\">\n\t<td class=\"column-1\">Arag\u00f3n<\/td><td class=\"column-2\">Pe\u00f1alba<\/td><td class=\"column-3\">Casa Rural El Balset\u00f3n<\/td><td class=\"column-4\">c\/ Carmen 24. Tel: 649 545 450<\/td><td class=\"column-5\"><\/td>\n<\/tr>\n<tr class=\"row-178\">\n\t<td class=\"column-1\">Arag\u00f3n<\/td><td class=\"column-2\">Pina de Ebro<\/td><td class=\"column-3\">Venta de Santa Luc\u00eda<\/td><td class=\"column-4\">Il n'y a pas de logement. Consultez les bus ALSA - AGREDA avec un arr\u00eat \u00e0 Venta de Santa Luc\u00eda et Bujaraloz : bus quotidien \u00e0 15h30<\/td><td class=\"column-5\"><\/td>\n<\/tr>\n<tr class=\"row-179\">\n\t<td class=\"column-1\">Arag\u00f3n<\/td><td class=\"column-2\">Pina de Ebro<\/td><td class=\"column-3\">Pensi\u00f3n Los Valles<\/td><td class=\"column-4\">Magisterio Nacional, 7. Tel.:976 165 553 \/ 675 721 711.<\/td><td class=\"column-5\"><\/td>\n<\/tr>\n<tr class=\"row-180\">\n\t<td class=\"column-1\">Arag\u00f3n<\/td><td class=\"column-2\">Pina de Ebro<\/td><td class=\"column-3\">Ayuntamiento<\/td><td class=\"column-4\">976 165 007<\/td><td class=\"column-5\"><\/td>\n<\/tr>\n<tr class=\"row-181\">\n\t<td class=\"column-1\">Arag\u00f3n<\/td><td class=\"column-2\">Pina de Ebro<\/td><td class=\"column-3\">Alojamiento Juli\u00e1n Laga<\/td><td class=\"column-4\">Tel: 625 527 652<\/td><td class=\"column-5\"><\/td>\n<\/tr>\n<tr class=\"row-182\">\n\t<td class=\"column-1\">Navarra<\/td><td class=\"column-2\">Ribaforada<\/td><td class=\"column-3\">Ayuntamiento<\/td><td class=\"column-4\">Tel: 948 864 005.<\/td><td class=\"column-5\"><\/td>\n<\/tr>\n<tr class=\"row-183\">\n\t<td class=\"column-1\">La Rioja<\/td><td class=\"column-2\">Rinc\u00f3n de Soto<\/td><td class=\"column-3\">Ayuntamiento<\/td><td class=\"column-4\">Tel: 941 160 013<\/td><td class=\"column-5\"><\/td>\n<\/tr>\n<tr class=\"row-184\">\n\t<td class=\"column-1\">Euskadi<\/td><td class=\"column-2\">San Rom\u00e1n<\/td><td class=\"column-3\">Pensi\u00f3n El Ventorro<\/td><td class=\"column-4\">En face de la station-service Andamur. T\u00e9l\u00e9phone : 945 304 372.<\/td><td class=\"column-5\"><\/td>\n<\/tr>\n<tr class=\"row-185\">\n\t<td class=\"column-1\">Euskadi<\/td><td class=\"column-2\">San Rom\u00e1n<\/td><td class=\"column-3\">Hotel Andamur<\/td><td class=\"column-4\">(dans la prochaine \u00e9tape, Pol\u00edgono Okiturri) Carretera N-I, Tel: 945 314 783<\/td><td class=\"column-5\"><\/td>\n<\/tr>\n<tr class=\"row-186\">\n\t<td class=\"column-1\">Euskadi<\/td><td class=\"column-2\">San Vicente de Arana<\/td><td class=\"column-3\">Ayuntamiento de San Vicente de Arana<\/td><td class=\"column-4\">T\u00e9l\u00e9phone : 945 406 006. Ils ont ouvert un refuge pour les p\u00e8lerins. Cl\u00e9s au restaurant Obenkun T\u00e9l: 945 406 123<\/td><td class=\"column-5\"><\/td>\n<\/tr>\n<tr class=\"row-187\">\n\t<td class=\"column-1\">Catalunya<\/td><td class=\"column-2\">Sant Cugat del Valles<\/td><td class=\"column-3\">Qgat Restaurant, Events &amp; Hotel<\/td><td class=\"column-4\">Av. de la Via Augusta, 51. Tel: 935 441 922<\/td><td class=\"column-5\"><\/td>\n<\/tr>\n<tr class=\"row-188\">\n\t<td class=\"column-1\">Catalunya<\/td><td class=\"column-2\">Sant Cugat del Valles<\/td><td class=\"column-3\">Hotel Venture Sant Cugat<\/td><td class=\"column-4\">Carrer de Vic, 19. Tel: 935 890 605<\/td><td class=\"column-5\"><\/td>\n<\/tr>\n<tr class=\"row-189\">\n\t<td class=\"column-1\">Catalunya<\/td><td class=\"column-2\">Sant Cugat del Valles<\/td><td class=\"column-3\">B&amp;B In\u00e9s, Carrer Merc\u00e8 Capsir<\/td><td class=\"column-4\">Carrer Merc\u00e8 Capsir, 6. Tel: 606 700 501<\/td><td class=\"column-5\"><\/td>\n<\/tr>\n<tr class=\"row-190\">\n\t<td class=\"column-1\">Catalunya<\/td><td class=\"column-2\">Sant Cugat del Valles<\/td><td class=\"column-3\">Ayuntamiento de Sant Cugat del Vall\u00e9s<\/td><td class=\"column-4\">Tel: 935 657 000<\/td><td class=\"column-5\"><\/td>\n<\/tr>\n<tr class=\"row-191\">\n\t<td class=\"column-1\">Catalunya<\/td><td class=\"column-2\">Sant Guim de Freixenet<\/td><td class=\"column-3\">Casa y Colla<\/td><td class=\"column-4\">Enric Granados, 5. Tel: 660 912 105<\/td><td class=\"column-5\"><\/td>\n<\/tr>\n<tr class=\"row-192\">\n\t<td class=\"column-1\">Catalunya<\/td><td class=\"column-2\">Sant Guim de Freixenet<\/td><td class=\"column-3\">Ayuntamiento<\/td><td class=\"column-4\">Pl. Dr. Perell\u00f3, 4. Tel: 973 556 035<\/td><td class=\"column-5\"><\/td>\n<\/tr>\n<tr class=\"row-193\">\n\t<td class=\"column-1\">Catalunya<\/td><td class=\"column-2\">Sant Pau de la Guardia<\/td><td class=\"column-3\">El Celler de la Gu\u00e0rdia<\/td><td class=\"column-4\">Hostal - refugio - restaurante. Tel: 937 710 323.<\/td><td class=\"column-5\"><\/td>\n<\/tr>\n<tr class=\"row-194\">\n\t<td class=\"column-1\">Catalunya<\/td><td class=\"column-2\">Sant Vicen\u00e7 de Castellet<\/td><td class=\"column-3\">Hostal Ca la Irene<\/td><td class=\"column-4\">C\/ Creixell, 29. Tel: 938 333 226<\/td><td class=\"column-5\"><\/td>\n<\/tr>\n<tr class=\"row-195\">\n\t<td class=\"column-1\">Catalunya<\/td><td class=\"column-2\">Sant Vicen\u00e7 de Castellet<\/td><td class=\"column-3\">Ayuntamiento<\/td><td class=\"column-4\">Tel : 936 930 611<\/td><td class=\"column-5\"><\/td>\n<\/tr>\n<tr class=\"row-196\">\n\t<td class=\"column-1\">Euskadi<\/td><td class=\"column-2\">Santa Cruz de Campezo<\/td><td class=\"column-3\">Hostal de Peregrinos \/ Kampezu Aterpea<\/td><td class=\"column-4\">Calle Arrabal 97, Tel: 945 212 051 \/ 683 776 164 \/ 657 360 839 info@kanpezu.com<\/td><td class=\"column-5\"><\/td>\n<\/tr>\n<tr class=\"row-197\">\n\t<td class=\"column-1\">Euskadi<\/td><td class=\"column-2\">Santa Cruz de Campezo<\/td><td class=\"column-3\">Ayuntamiento<\/td><td class=\"column-4\">Tel. 945 405 443<\/td><td class=\"column-5\"><\/td>\n<\/tr>\n<tr class=\"row-198\">\n\t<td class=\"column-1\">Catalunya<\/td><td class=\"column-2\">Santa Maria del Cam\u00ed<\/td><td class=\"column-3\">Hostal Can Llobet. Restaurant<\/td><td class=\"column-4\">Tel: 722 753 994<\/td><td class=\"column-5\"><\/td>\n<\/tr>\n<tr class=\"row-199\">\n\t<td class=\"column-1\">Catalunya<\/td><td class=\"column-2\">T\u00e0rrega<\/td><td class=\"column-3\">Hotel Pintor Mars\u00e0<\/td><td class=\"column-4\">Av. Catalunya, 112. Tel: 973 501 516.<\/td><td class=\"column-5\"><\/td>\n<\/tr>\n<tr class=\"row-200\">\n\t<td class=\"column-1\">Catalunya<\/td><td class=\"column-2\">T\u00e0rrega<\/td><td class=\"column-3\">Hotel Ciutat de T\u00e0rrega***<\/td><td class=\"column-4\">C\/ Sant Pelegr\u00ed, 95. Tel: 973 314 737<\/td><td class=\"column-5\"><\/td>\n<\/tr>\n<tr class=\"row-201\">\n\t<td class=\"column-1\">Catalunya<\/td><td class=\"column-2\">T\u00e0rrega<\/td><td class=\"column-3\">Ayuntamiento<\/td><td class=\"column-4\">Tel: 973 311 608.<\/td><td class=\"column-5\"><\/td>\n<\/tr>\n<tr class=\"row-202\">\n\t<td class=\"column-1\">Catalunya<\/td><td class=\"column-2\">T\u00e0rrega<\/td><td class=\"column-3\">Albergue de Ca N\u2019Aleix de la Zarza<\/td><td class=\"column-4\">Plaza del Carme, 5. Tel: 973 314 635.<\/td><td class=\"column-5\"><\/td>\n<\/tr>\n<tr class=\"row-203\">\n\t<td class=\"column-1\">Euskadi<\/td><td class=\"column-2\">Telleriarte<\/td><td class=\"column-3\">Casa rural Pastain<\/td><td class=\"column-4\">T\u00e9l : 943 730 672 (capacit\u00e9 12 personnes)<\/td><td class=\"column-5\"><\/td>\n<\/tr>\n<tr class=\"row-204\">\n\t<td class=\"column-1\">Catalunya<\/td><td class=\"column-2\">Terrassa<\/td><td class=\"column-3\">Hotel Terrassa Park<\/td><td class=\"column-4\">Avinguda de Santa Eul\u00e0lia, 236. Tel: 937 004 400<\/td><td class=\"column-5\"><\/td>\n<\/tr>\n<tr class=\"row-205\">\n\t<td class=\"column-1\">Catalunya<\/td><td class=\"column-2\">Terrassa<\/td><td class=\"column-3\">Hostal del Carmen<\/td><td class=\"column-4\">Carretera de Rub\u00ed, 441. Tel: 638 867 864<\/td><td class=\"column-5\"><\/td>\n<\/tr>\n<tr class=\"row-206\">\n\t<td class=\"column-1\">Catalunya<\/td><td class=\"column-2\">Terrassa<\/td><td class=\"column-3\">Hostal Avenida Madrid<\/td><td class=\"column-4\">Avinguda de Madrid, 104. Tel: 937 316 382<\/td><td class=\"column-5\"><\/td>\n<\/tr>\n<tr class=\"row-207\">\n\t<td class=\"column-1\">Catalunya<\/td><td class=\"column-2\">Terrassa<\/td><td class=\"column-3\">Ayuntamiento Terrassa<\/td><td class=\"column-4\">Tel: 937 397 000<\/td><td class=\"column-5\"><\/td>\n<\/tr>\n<tr class=\"row-208\">\n\t<td class=\"column-1\">Catalunya<\/td><td class=\"column-2\">Terrassa<\/td><td class=\"column-3\">Albergue de peregrinos de Vallparad\u00eds<\/td><td class=\"column-4\">C\/ Alcalde Parellada, 2. Tel: 930 022 585  info@albergvallparadis.cat<\/td><td class=\"column-5\"><\/td>\n<\/tr>\n<tr class=\"row-209\">\n\t<td class=\"column-1\">Arag\u00f3n<\/td><td class=\"column-2\">Torres de Berrell\u00e9n<\/td><td class=\"column-3\">Albergue de peregrinos<\/td><td class=\"column-4\">(8 places). Mairie : 976 653 101. Au Caf\u00e9 Aroa (Avenida Goya, 8), ils ont \u00e9galement les cl\u00e9s de l'auberge. T\u00e9l\u00e9phone : 976 653 287.<\/td><td class=\"column-5\"><\/td>\n<\/tr>\n<tr class=\"row-210\">\n\t<td class=\"column-1\">Navarra<\/td><td class=\"column-2\">Tudela<\/td><td class=\"column-3\">NH Delta***<\/td><td class=\"column-4\">Avenida de Zaragoza, 29. Tel.: 948 821 400.<\/td><td class=\"column-5\"><\/td>\n<\/tr>\n<tr class=\"row-211\">\n\t<td class=\"column-1\">Navarra<\/td><td class=\"column-2\">Tudela<\/td><td class=\"column-3\">Hotel Tudela Bardenas***<\/td><td class=\"column-4\">Avenida de Zaragoza, 60. Tel.: 948 410 778 \/ 948 410 802.<\/td><td class=\"column-5\"><\/td>\n<\/tr>\n<tr class=\"row-212\">\n\t<td class=\"column-1\">Navarra<\/td><td class=\"column-2\">Tudela<\/td><td class=\"column-3\">Hotel Santamar\u00eda***<\/td><td class=\"column-4\">San Marcial, 14. Tel.: 948 821 200.<\/td><td class=\"column-5\"><\/td>\n<\/tr>\n<tr class=\"row-213\">\n\t<td class=\"column-1\">Navarra<\/td><td class=\"column-2\">Tudela<\/td><td class=\"column-3\">Hotel \u00d1 Tudela Momentos de Navarra***<\/td><td class=\"column-4\">Ma\u00f1eru, s\/n. Tel.: 948 413 413.<\/td><td class=\"column-5\"><\/td>\n<\/tr>\n<tr class=\"row-214\">\n\t<td class=\"column-1\">Navarra<\/td><td class=\"column-2\">Tudela<\/td><td class=\"column-3\">Hotel AC Ciudad de Tudela***<\/td><td class=\"column-4\">Calle de la Misericordia. Tel.: 948 402 440.<\/td><td class=\"column-5\"><\/td>\n<\/tr>\n<tr class=\"row-215\">\n\t<td class=\"column-1\">Navarra<\/td><td class=\"column-2\">Tudela<\/td><td class=\"column-3\">Hostal Remigio<\/td><td class=\"column-4\">Gaztambide 4 (precio especial para peregrinos). Tel.: 948 820 850.<\/td><td class=\"column-5\"><\/td>\n<\/tr>\n<tr class=\"row-216\">\n\t<td class=\"column-1\">Navarra<\/td><td class=\"column-2\">Tudela<\/td><td class=\"column-3\">Hostal Pichorradicas<\/td><td class=\"column-4\">C\/ Cortadores, 11. Tel.: 948 821 021.<\/td><td class=\"column-5\"><\/td>\n<\/tr>\n<tr class=\"row-217\">\n\t<td class=\"column-1\">Navarra<\/td><td class=\"column-2\">Tudela<\/td><td class=\"column-3\">Ayuntamiento<\/td><td class=\"column-4\">Tel.: 948 417 100<\/td><td class=\"column-5\"><\/td>\n<\/tr>\n<tr class=\"row-218\">\n\t<td class=\"column-1\">Navarra<\/td><td class=\"column-2\">Tudela<\/td><td class=\"column-3\">Albergue juvenil<\/td><td class=\"column-4\">Hay que llamar y reservar. C\/ Camino Caritat, 17. Tel.: 670 824 490.<\/td><td class=\"column-5\"><\/td>\n<\/tr>\n<tr class=\"row-219\">\n\t<td class=\"column-1\">Euskadi<\/td><td class=\"column-2\">Urretxu<\/td><td class=\"column-3\">Pensi\u00f3n Juana Elgarresta<\/td><td class=\"column-4\">Ipearrieta, 2 Tel: 943 722 250.<\/td><td class=\"column-5\"><\/td>\n<\/tr>\n<tr class=\"row-220\">\n\t<td class=\"column-1\">Euskadi<\/td><td class=\"column-2\">Urretxu<\/td><td class=\"column-3\">Albergue de Urretxu<\/td><td class=\"column-4\">\u00c0 un peu plus de 4 kilom\u00e8tres de la ville, en montant \u00e0 flanc de montagne, \u00e0 c\u00f4t\u00e9 de l'ermitage de Santa B\u00e1rbara, se trouve l'auberge Urretxu avec une capacit\u00e9 de 56 lits et des prix raisonnables. T\u00e9l\u00e9phone : 943 723 387<\/td><td class=\"column-5\"><\/td>\n<\/tr>\n<tr class=\"row-221\">\n\t<td class=\"column-1\">Arag\u00f3n<\/td><td class=\"column-2\">Utebo<\/td><td class=\"column-3\">Pensi\u00f3n Silvano<\/td><td class=\"column-4\">Cuenca, 2. Tel.: 976 770 584 - 679 232 122<\/td><td class=\"column-5\"><\/td>\n<\/tr>\n<tr class=\"row-222\">\n\t<td class=\"column-1\">Arag\u00f3n<\/td><td class=\"column-2\">Utebo<\/td><td class=\"column-3\">Pensi\u00f3n Don Juan<\/td><td class=\"column-4\">San Lamberto 14, Tel.: 650 770 575<\/td><td class=\"column-5\"><\/td>\n<\/tr>\n<tr class=\"row-223\">\n\t<td class=\"column-1\">Arag\u00f3n<\/td><td class=\"column-2\">Utebo<\/td><td class=\"column-3\">Pensi\u00f3n Arade<\/td><td class=\"column-4\">, Las Parras 4, Tel.: 616 997 358<\/td><td class=\"column-5\"><\/td>\n<\/tr>\n<tr class=\"row-224\">\n\t<td class=\"column-1\">Arag\u00f3n<\/td><td class=\"column-2\">Utebo<\/td><td class=\"column-3\">Hotel Las Ventas***<\/td><td class=\"column-4\">Ctra. Logro\u00f1o, km 10,5. Tel.: 976 770 482.<\/td><td class=\"column-5\"><\/td>\n<\/tr>\n<tr class=\"row-225\">\n\t<td class=\"column-1\">Arag\u00f3n<\/td><td class=\"column-2\">Utebo<\/td><td class=\"column-3\">Hotel Europa<\/td><td class=\"column-4\">Ciudad de Ponce 4, Tel.: 976 792 900<\/td><td class=\"column-5\"><\/td>\n<\/tr>\n<tr class=\"row-226\">\n\t<td class=\"column-1\">Arag\u00f3n<\/td><td class=\"column-2\">Utebo<\/td><td class=\"column-3\">Hotel El \u00c1guila***<\/td><td class=\"column-4\">Ctra. Logro\u00f1o, km 13,4. Tel.: 976 771 100<\/td><td class=\"column-5\"><\/td>\n<\/tr>\n<tr class=\"row-227\">\n\t<td class=\"column-1\">Arag\u00f3n<\/td><td class=\"column-2\">Utebo<\/td><td class=\"column-3\">Ayuntamiento<\/td><td class=\"column-4\">Tel.: 976 770 111<\/td><td class=\"column-5\"><\/td>\n<\/tr>\n<tr class=\"row-228\">\n\t<td class=\"column-1\">Catalunya<\/td><td class=\"column-2\">Vacarisses<\/td><td class=\"column-3\">La Frasera<\/td><td class=\"column-4\">C\/cami del castellet s\/n. Tel: 670 377 732<\/td><td class=\"column-5\"><\/td>\n<\/tr>\n<tr class=\"row-229\">\n\t<td class=\"column-1\">Catalunya<\/td><td class=\"column-2\">Vacarisses<\/td><td class=\"column-3\">Ayuntamiento<\/td><td class=\"column-4\">Tel: 938 359 002<\/td><td class=\"column-5\"><\/td>\n<\/tr>\n<tr class=\"row-230\">\n\t<td class=\"column-1\">Catalunya<\/td><td class=\"column-2\">Vacarisses<\/td><td class=\"column-3\">Apartments Vacarisses-Torreblanca<\/td><td class=\"column-4\">Passeig Estacio, 16. Tel: 626 608 497.<\/td><td class=\"column-5\"><\/td>\n<\/tr>\n<tr class=\"row-231\">\n\t<td class=\"column-1\">Catalunya<\/td><td class=\"column-2\">Vacarisses<\/td><td class=\"column-3\">Apartamento Casa NaturaRelax<\/td><td class=\"column-4\">Cam\u00ed de \u013eObac, 1. Tel: 609 711 426<\/td><td class=\"column-5\"><\/td>\n<\/tr>\n<tr class=\"row-232\">\n\t<td class=\"column-1\">Catalunya<\/td><td class=\"column-2\">Verd\u00fa<\/td><td class=\"column-3\">Refugio de Peregrinos de Sant Pere Claver<\/td><td class=\"column-4\">Calle de Sant Pere Claver, 30 T\u00e9l\u00e9phone 616 893 602 \u2013 30 places (Association des Amis de San Pedro Claver) E-mail : refugipelegrinsverdu@gmail.com.<\/td><td class=\"column-5\"><\/td>\n<\/tr>\n<tr class=\"row-233\">\n\t<td class=\"column-1\">Catalunya<\/td><td class=\"column-2\">Verd\u00fa<\/td><td class=\"column-3\">Casa Rural L\u2019Era de Can Roger<\/td><td class=\"column-4\">Sant Miquel, 34 Tel. 973 311 393 \/ 678 640 343.<\/td><td class=\"column-5\"><\/td>\n<\/tr>\n<tr class=\"row-234\">\n\t<td class=\"column-1\">Catalunya<\/td><td class=\"column-2\">Verd\u00fa<\/td><td class=\"column-3\">Casa Rural L'Era de Can Roger<\/td><td class=\"column-4\">c\/ Sant Miquel, 34 Tel: 973 311 393 \/ 678 640 343.<\/td><td class=\"column-5\"><\/td>\n<\/tr>\n<tr class=\"row-235\">\n\t<td class=\"column-1\">Catalunya<\/td><td class=\"column-2\">Verd\u00fa<\/td><td class=\"column-3\">Casa rural Ca N\u2019Aleix<\/td><td class=\"column-4\">Arquebisbe Ter\u00e9s, 10, tel. 973 311 393 \/ 678 640 343.<\/td><td class=\"column-5\"><\/td>\n<\/tr>\n<tr class=\"row-236\">\n\t<td class=\"column-1\">Catalunya<\/td><td class=\"column-2\">Verd\u00fa<\/td><td class=\"column-3\">Ayuntamiento<\/td><td class=\"column-4\">La mairie peut \u00e9galement vous renseigner sur le foyer d'accueil des ouvriers agricoles. T\u00e9l\u00e9phone : 973 347 007.<\/td><td class=\"column-5\"><\/td>\n<\/tr>\n<tr class=\"row-237\">\n\t<td class=\"column-1\">Catalunya<\/td><td class=\"column-2\">Verd\u00fa<\/td><td class=\"column-3\">Apartamentos tur\u00edsticos Cal Senyor Joan<\/td><td class=\"column-4\">Pla\u00e7a Major, 21, tel. 636 990 493<\/td><td class=\"column-5\"><\/td>\n<\/tr>\n<tr class=\"row-238\">\n\t<td class=\"column-1\">Euskadi<\/td><td class=\"column-2\">Zalduondo<\/td><td class=\"column-3\">Casa rural Eikolara Landaetxea<\/td><td class=\"column-4\">B\u00ba Arbinatea, 30 Tel: 945 386 898\/\/629 407 767<\/td><td class=\"column-5\"><\/td>\n<\/tr>\n<tr class=\"row-239\">\n\t<td class=\"column-1\">Euskadi<\/td><td class=\"column-2\">Zalduondo<\/td><td class=\"column-3\">Casa rural Arkauzetxea<\/td><td class=\"column-4\">C\/ Errotalde, 5 Tel: 679 908 531<\/td><td class=\"column-5\"><\/td>\n<\/tr>\n<tr class=\"row-240\">\n\t<td class=\"column-1\">Euskadi<\/td><td class=\"column-2\">Zalduondo<\/td><td class=\"column-3\">Casa rural Aizkomendi<\/td><td class=\"column-4\">Errotalde Kalea, 5 Tel:679 908 531<\/td><td class=\"column-5\"><\/td>\n<\/tr>\n<tr class=\"row-241\">\n\t<td class=\"column-1\">Arag\u00f3n<\/td><td class=\"column-2\">Zaragoza<\/td><td class=\"column-3\">Pensi\u00f3n Manifestaci\u00f3n<\/td><td class=\"column-4\">Tel.: 976 295 821 \/ 666 114 096.<\/td><td class=\"column-5\"><\/td>\n<\/tr>\n<tr class=\"row-242\">\n\t<td class=\"column-1\">Arag\u00f3n<\/td><td class=\"column-2\">Zaragoza<\/td><td class=\"column-3\">Pensi\u00f3n Iglesias<\/td><td class=\"column-4\">c\/ Ver\u00f3nica, 14. Tel.: 976 293 161<\/td><td class=\"column-5\"><\/td>\n<\/tr>\n<tr class=\"row-243\">\n\t<td class=\"column-1\">Arag\u00f3n<\/td><td class=\"column-2\">Zaragoza<\/td><td class=\"column-3\">Hotel Sauce<\/td><td class=\"column-4\">Calle Espoz y Mina, 33, Tel: 976 205 050 \/ 900 102 146<\/td><td class=\"column-5\"><\/td>\n<\/tr>\n<tr class=\"row-244\">\n\t<td class=\"column-1\">Arag\u00f3n<\/td><td class=\"column-2\">Zaragoza<\/td><td class=\"column-3\">Hotel Las Torres***<\/td><td class=\"column-4\">Plaza del Pilar, 11. Tel.: 976 394 250.<\/td><td class=\"column-5\"><\/td>\n<\/tr>\n<tr class=\"row-245\">\n\t<td class=\"column-1\">Arag\u00f3n<\/td><td class=\"column-2\">Zaragoza<\/td><td class=\"column-3\">Hostal San Jorge*<\/td><td class=\"column-4\">Calle Mayor, 4. Tel.: 976 397 462.<\/td><td class=\"column-5\"><\/td>\n<\/tr>\n<tr class=\"row-246\">\n\t<td class=\"column-1\">Arag\u00f3n<\/td><td class=\"column-2\">Zaragoza<\/td><td class=\"column-3\">Hostal El Descanso<\/td><td class=\"column-4\">(24 habitaciones) C\/ San Lorenzo, 2. Tel.: 976 291 741.<\/td><td class=\"column-5\"><\/td>\n<\/tr>\n<tr class=\"row-247\">\n\t<td class=\"column-1\">Arag\u00f3n<\/td><td class=\"column-2\">Zaragoza<\/td><td class=\"column-3\">Cooperativa de Auto Taxi<\/td><td class=\"column-4\">Tel: 976 751 414<\/td><td class=\"column-5\"><\/td>\n<\/tr>\n<tr class=\"row-248\">\n\t<td class=\"column-1\">Arag\u00f3n<\/td><td class=\"column-2\">Zaragoza<\/td><td class=\"column-3\">Albergue Juvenil Baltasar Graci\u00e1n<\/td><td class=\"column-4\">C\/ Franco y L\u00f3pez, 4. Tel.: 976 306 690<\/td><td class=\"column-5\"><\/td>\n<\/tr>\n<tr class=\"row-249\">\n\t<td class=\"column-1\">Arag\u00f3n<\/td><td class=\"column-2\">Zaragoza<\/td><td class=\"column-3\"><a href=\"https:\/\/behostels.com\/zaragoza\/\" rel=\"noopener\" target=\"_blank\">Albergue Juvenil de Zaragoza<\/a><\/td><td class=\"column-4\">C\/ Predicadores, 70. Tel.: 976 282 043.<\/td><td class=\"column-5\"><\/td>\n<\/tr>\n<tr class=\"row-250\">\n\t<td class=\"column-1\">Euskadi<\/td><td class=\"column-2\">Zumarraga<\/td><td class=\"column-3\">Pensi\u00f3n Zelai**<\/td><td class=\"column-4\">Legazpi, 5. Tel: 670 264 922<\/td><td class=\"column-5\"><\/td>\n<\/tr>\n<tr class=\"row-251\">\n\t<td class=\"column-1\">Euskadi<\/td><td class=\"column-2\">Zumarraga<\/td><td class=\"column-3\">Pensi\u00f3n Urola**<\/td><td class=\"column-4\">Antonino Ora\u00e1, 2. Tel: 943 533 008\/ 679 525 259<\/td><td class=\"column-5\"><\/td>\n<\/tr>\n<tr class=\"row-252\">\n\t<td class=\"column-1\">Euskadi<\/td><td class=\"column-2\">Zumarraga<\/td><td class=\"column-3\">Pensi\u00f3n Balenti\u00f1a<\/td><td class=\"column-4\">Urola, 6-8. Tel: 943 725 041<\/td><td class=\"column-5\"><\/td>\n<\/tr>\n<tr class=\"row-253\">\n\t<td class=\"column-1\">Euskadi<\/td><td class=\"column-2\">Zumarraga<\/td><td class=\"column-3\">Hotel Etxeberri<\/td><td class=\"column-4\">Calle Etxeberri, s\/n. Tel: 943 721 211<\/td><td class=\"column-5\"><\/td>\n<\/tr>\n<tr class=\"row-254\">\n\t<td class=\"column-1\">Euskadi<\/td><td class=\"column-2\">Zumarraga<\/td><td class=\"column-3\">Ayuntamiento<\/td><td class=\"column-4\">Tel: 943 72 90 22.<\/td><td class=\"column-5\"><\/td>\n<\/tr>\n<\/tbody>\n<\/table>\n\t\t\t\t<\/div>\n\t\t\t\t<\/div>\n\t\t\t\t<section class=\"elementor-section elementor-inner-section elementor-element elementor-element-6c6a4029 elementor-section-boxed elementor-section-height-default elementor-section-height-default\" data-id=\"6c6a4029\" data-element_type=\"section\" data-e-type=\"section\">\n\t\t\t\t\t\t<div class=\"elementor-container elementor-column-gap-default\">\n\t\t\t\t\t<div class=\"elementor-column elementor-col-20 elementor-inner-column elementor-element elementor-element-3bc19a8\" data-id=\"3bc19a8\" data-element_type=\"column\" data-e-type=\"column\" data-settings=\"{&quot;background_background&quot;:&quot;classic&quot;}\">\n\t\t\t<div class=\"elementor-widget-wrap elementor-element-populated\">\n\t\t\t\t\t<div class=\"elementor-background-overlay\"><\/div>\n\t\t\t\t\t\t<div class=\"elementor-element elementor-element-cfc59b5 elementor-align-center elementor-widget elementor-widget-button\" data-id=\"cfc59b5\" data-element_type=\"widget\" data-e-type=\"widget\" data-widget_type=\"button.default\">\n\t\t\t\t<div class=\"elementor-widget-container\">\n\t\t\t\t\t\t\t\t\t<div class=\"elementor-button-wrapper\">\n\t\t\t\t\t<a class=\"elementor-button elementor-button-link elementor-size-md\" href=\"\/fr\/conseils-pour-les-pelerins\/\">\n\t\t\t\t\t\t<span class=\"elementor-button-content-wrapper\">\n\t\t\t\t\t\t\t\t\t<span class=\"elementor-button-text\">CONSEILS<\/span>\n\t\t\t\t\t<\/span>\n\t\t\t\t\t<\/a>\n\t\t\t\t<\/div>\n\t\t\t\t\t\t\t\t<\/div>\n\t\t\t\t<\/div>\n\t\t\t\t\t<\/div>\n\t\t<\/div>\n\t\t\t\t<div class=\"elementor-column elementor-col-20 elementor-inner-column elementor-element elementor-element-123fa985\" data-id=\"123fa985\" data-element_type=\"column\" data-e-type=\"column\" data-settings=\"{&quot;background_background&quot;:&quot;classic&quot;}\">\n\t\t\t<div class=\"elementor-widget-wrap elementor-element-populated\">\n\t\t\t\t\t<div class=\"elementor-background-overlay\"><\/div>\n\t\t\t\t\t\t<div class=\"elementor-element elementor-element-221c31f1 elementor-align-center elementor-widget elementor-widget-button\" data-id=\"221c31f1\" data-element_type=\"widget\" data-e-type=\"widget\" data-widget_type=\"button.default\">\n\t\t\t\t<div class=\"elementor-widget-container\">\n\t\t\t\t\t\t\t\t\t<div class=\"elementor-button-wrapper\">\n\t\t\t\t\t<a class=\"elementor-button elementor-button-link elementor-size-md\" href=\"\/fr\/aspects-pratiques\/\">\n\t\t\t\t\t\t<span class=\"elementor-button-content-wrapper\">\n\t\t\t\t\t\t\t\t\t<span class=\"elementor-button-text\">PRATIQUES<\/span>\n\t\t\t\t\t<\/span>\n\t\t\t\t\t<\/a>\n\t\t\t\t<\/div>\n\t\t\t\t\t\t\t\t<\/div>\n\t\t\t\t<\/div>\n\t\t\t\t\t<\/div>\n\t\t<\/div>\n\t\t\t\t<div class=\"elementor-column elementor-col-20 elementor-inner-column elementor-element elementor-element-4218fb47\" data-id=\"4218fb47\" data-element_type=\"column\" data-e-type=\"column\" data-settings=\"{&quot;background_background&quot;:&quot;classic&quot;}\">\n\t\t\t<div class=\"elementor-widget-wrap elementor-element-populated\">\n\t\t\t\t\t<div class=\"elementor-background-overlay\"><\/div>\n\t\t\t\t\t\t<div class=\"elementor-element elementor-element-6f0701d4 elementor-align-center elementor-widget elementor-widget-button\" data-id=\"6f0701d4\" data-element_type=\"widget\" data-e-type=\"widget\" data-widget_type=\"button.default\">\n\t\t\t\t<div class=\"elementor-widget-container\">\n\t\t\t\t\t\t\t\t\t<div class=\"elementor-button-wrapper\">\n\t\t\t\t\t<a class=\"elementor-button elementor-button-link elementor-size-md\" href=\"\/fr\/creance\/\">\n\t\t\t\t\t\t<span class=\"elementor-button-content-wrapper\">\n\t\t\t\t\t\t\t\t\t<span class=\"elementor-button-text\">CR\u00c9ANCES<\/span>\n\t\t\t\t\t<\/span>\n\t\t\t\t\t<\/a>\n\t\t\t\t<\/div>\n\t\t\t\t\t\t\t\t<\/div>\n\t\t\t\t<\/div>\n\t\t\t\t\t<\/div>\n\t\t<\/div>\n\t\t\t\t<div class=\"elementor-column elementor-col-20 elementor-inner-column elementor-element elementor-element-69cfc1f7\" data-id=\"69cfc1f7\" data-element_type=\"column\" data-e-type=\"column\" data-settings=\"{&quot;background_background&quot;:&quot;classic&quot;}\">\n\t\t\t<div class=\"elementor-widget-wrap elementor-element-populated\">\n\t\t\t\t\t<div class=\"elementor-background-overlay\"><\/div>\n\t\t\t\t\t\t<div class=\"elementor-element elementor-element-5097d3e3 elementor-align-center elementor-widget elementor-widget-button\" data-id=\"5097d3e3\" data-element_type=\"widget\" data-e-type=\"widget\" data-widget_type=\"button.default\">\n\t\t\t\t<div class=\"elementor-widget-container\">\n\t\t\t\t\t\t\t\t\t<div class=\"elementor-button-wrapper\">\n\t\t\t\t\t<a class=\"elementor-button elementor-button-link elementor-size-md\" href=\"\/fr\/certificados\/\">\n\t\t\t\t\t\t<span class=\"elementor-button-content-wrapper\">\n\t\t\t\t\t\t\t\t\t<span class=\"elementor-button-text\">CERTIFICATS<\/span>\n\t\t\t\t\t<\/span>\n\t\t\t\t\t<\/a>\n\t\t\t\t<\/div>\n\t\t\t\t\t\t\t\t<\/div>\n\t\t\t\t<\/div>\n\t\t\t\t\t<\/div>\n\t\t<\/div>\n\t\t\t\t<div class=\"elementor-column elementor-col-20 elementor-inner-column elementor-element elementor-element-54e872e7\" data-id=\"54e872e7\" data-element_type=\"column\" data-e-type=\"column\" data-settings=\"{&quot;background_background&quot;:&quot;classic&quot;}\">\n\t\t\t<div class=\"elementor-widget-wrap elementor-element-populated\">\n\t\t\t\t\t<div class=\"elementor-background-overlay\"><\/div>\n\t\t\t\t\t\t<div class=\"elementor-element elementor-element-2a7cd1de elementor-align-center elementor-widget elementor-widget-button\" data-id=\"2a7cd1de\" data-element_type=\"widget\" data-e-type=\"widget\" data-widget_type=\"button.default\">\n\t\t\t\t<div class=\"elementor-widget-container\">\n\t\t\t\t\t\t\t\t\t<div class=\"elementor-button-wrapper\">\n\t\t\t\t\t<a class=\"elementor-button elementor-button-link elementor-size-md\" href=\"\/fr\/transportes\/\">\n\t\t\t\t\t\t<span class=\"elementor-button-content-wrapper\">\n\t\t\t\t\t\t\t\t\t<span class=\"elementor-button-text\">TRANSPORT<\/span>\n\t\t\t\t\t<\/span>\n\t\t\t\t\t<\/a>\n\t\t\t\t<\/div>\n\t\t\t\t\t\t\t\t<\/div>\n\t\t\t\t<\/div>\n\t\t\t\t\t<\/div>\n\t\t<\/div>\n\t\t\t\t\t<\/div>\n\t\t<\/section>\n\t\t\t\t\t<\/div>\n\t\t<\/div>\n\t\t\t\t\t<\/div>\n\t\t<\/section>\n\t\t\t\t<section class=\"elementor-section elementor-top-section elementor-element elementor-element-9196edd elementor-section-content-middle elementor-section-boxed elementor-section-height-default elementor-section-height-default\" data-id=\"9196edd\" data-element_type=\"section\" data-e-type=\"section\">\n\t\t\t\t\t\t<div class=\"elementor-container elementor-column-gap-no\">\n\t\t\t\t\t<div class=\"elementor-column elementor-col-33 elementor-top-column elementor-element elementor-element-424b4d4b\" data-id=\"424b4d4b\" data-element_type=\"column\" data-e-type=\"column\">\n\t\t\t<div class=\"elementor-widget-wrap elementor-element-populated\">\n\t\t\t\t\t\t<div class=\"elementor-element elementor-element-7644fc9d elementor-widget elementor-widget-heading\" data-id=\"7644fc9d\" data-element_type=\"widget\" data-e-type=\"widget\" data-widget_type=\"heading.default\">\n\t\t\t\t<div class=\"elementor-widget-container\">\n\t\t\t\t\t<h4 class=\"elementor-heading-title elementor-size-default\">Le Chemin Ignatien<\/h4>\t\t\t\t<\/div>\n\t\t\t\t<\/div>\n\t\t\t\t<div class=\"elementor-element elementor-element-4e948da0 elementor-widget elementor-widget-text-editor\" data-id=\"4e948da0\" data-element_type=\"widget\" data-e-type=\"widget\" data-widget_type=\"text-editor.default\">\n\t\t\t\t<div class=\"elementor-widget-container\">\n\t\t\t\t\t\t\t\t\t<p>Sa histoire, p\u00e8lerinage \u00e0 travers le pass\u00e9, \u00e0 travers l&rsquo;Espagne ignatienne, remerciements&#8230;<\/p>\n\t\t\t\t\t\t\t\t<\/div>\n\t\t\t\t<\/div>\n\t\t\t\t<div class=\"elementor-element elementor-element-4510632a elementor-align-center elementor-widget elementor-widget-button\" data-id=\"4510632a\" data-element_type=\"widget\" data-e-type=\"widget\" data-widget_type=\"button.default\">\n\t\t\t\t<div class=\"elementor-widget-container\">\n\t\t\t\t\t\t\t\t\t<div class=\"elementor-button-wrapper\">\n\t\t\t\t\t<a class=\"elementor-button elementor-button-link elementor-size-sm elementor-animation-grow\" href=\"\/fr\/le-chemin-ignatien\/\">\n\t\t\t\t\t\t<span class=\"elementor-button-content-wrapper\">\n\t\t\t\t\t\t\t\t\t<span class=\"elementor-button-text\">D\u00c9COUVREZ-LE<\/span>\n\t\t\t\t\t<\/span>\n\t\t\t\t\t<\/a>\n\t\t\t\t<\/div>\n\t\t\t\t\t\t\t\t<\/div>\n\t\t\t\t<\/div>\n\t\t\t\t\t<\/div>\n\t\t<\/div>\n\t\t\t\t<div class=\"elementor-column elementor-col-33 elementor-top-column elementor-element elementor-element-624f19ce\" data-id=\"624f19ce\" data-element_type=\"column\" data-e-type=\"column\">\n\t\t\t<div class=\"elementor-widget-wrap elementor-element-populated\">\n\t\t\t\t\t\t<div class=\"elementor-element elementor-element-22ea23e0 elementor-widget elementor-widget-heading\" data-id=\"22ea23e0\" data-element_type=\"widget\" data-e-type=\"widget\" data-widget_type=\"heading.default\">\n\t\t\t\t<div class=\"elementor-widget-container\">\n\t\t\t\t\t<h4 class=\"elementor-heading-title elementor-size-default\">P\u00e8lerinage dans notre vie<\/h4>\t\t\t\t<\/div>\n\t\t\t\t<\/div>\n\t\t\t\t<div class=\"elementor-element elementor-element-4823d493 elementor-widget elementor-widget-text-editor\" data-id=\"4823d493\" data-element_type=\"widget\" data-e-type=\"widget\" data-widget_type=\"text-editor.default\">\n\t\t\t\t<div class=\"elementor-widget-container\">\n\t\t\t\t\t\t\t\t\t<p>Les Exercices Spirituels et le p\u00e8lerinage sur le Chemin Ignatien, l&rsquo;option de quatre semaines, guide pour le Chemin, respirer le Chemin, la pri\u00e8re d&rsquo;introduction, le Chemin spirituel&#8230;<\/p>\n\t\t\t\t\t\t\t\t<\/div>\n\t\t\t\t<\/div>\n\t\t\t\t<div class=\"elementor-element elementor-element-67df9937 elementor-align-center elementor-widget elementor-widget-button\" data-id=\"67df9937\" data-element_type=\"widget\" data-e-type=\"widget\" data-widget_type=\"button.default\">\n\t\t\t\t<div class=\"elementor-widget-container\">\n\t\t\t\t\t\t\t\t\t<div class=\"elementor-button-wrapper\">\n\t\t\t\t\t<a class=\"elementor-button elementor-button-link elementor-size-sm elementor-animation-grow\" href=\"\/fr\/peregrinando\/\">\n\t\t\t\t\t\t<span class=\"elementor-button-content-wrapper\">\n\t\t\t\t\t\t\t\t\t<span class=\"elementor-button-text\">Faites-en l'exp\u00e9rience<\/span>\n\t\t\t\t\t<\/span>\n\t\t\t\t\t<\/a>\n\t\t\t\t<\/div>\n\t\t\t\t\t\t\t\t<\/div>\n\t\t\t\t<\/div>\n\t\t\t\t\t<\/div>\n\t\t<\/div>\n\t\t\t\t<div class=\"elementor-column elementor-col-33 elementor-top-column elementor-element elementor-element-1e9658b0\" data-id=\"1e9658b0\" data-element_type=\"column\" data-e-type=\"column\">\n\t\t\t<div class=\"elementor-widget-wrap elementor-element-populated\">\n\t\t\t\t\t\t<div class=\"elementor-element elementor-element-62e14b2f elementor-widget elementor-widget-heading\" data-id=\"62e14b2f\" data-element_type=\"widget\" data-e-type=\"widget\" data-widget_type=\"heading.default\">\n\t\t\t\t<div class=\"elementor-widget-container\">\n\t\t\t\t\t<h4 class=\"elementor-heading-title elementor-size-default\">Le Bureau du p\u00e8lerin<\/h4>\t\t\t\t<\/div>\n\t\t\t\t<\/div>\n\t\t\t\t<div class=\"elementor-element elementor-element-4ff3e38d elementor-widget elementor-widget-text-editor\" data-id=\"4ff3e38d\" data-element_type=\"widget\" data-e-type=\"widget\" data-widget_type=\"text-editor.default\">\n\t\t\t\t<div class=\"elementor-widget-container\">\n\t\t\t\t\t\t\t\t\t<p>Exp\u00e9riences, activit\u00e9s, agences, cr\u00e9ances, associations, chemin du respect&#8230;<\/p>\n\t\t\t\t\t\t\t\t<\/div>\n\t\t\t\t<\/div>\n\t\t\t\t<div class=\"elementor-element elementor-element-29ba342b elementor-align-center elementor-widget elementor-widget-button\" data-id=\"29ba342b\" data-element_type=\"widget\" data-e-type=\"widget\" data-widget_type=\"button.default\">\n\t\t\t\t<div class=\"elementor-widget-container\">\n\t\t\t\t\t\t\t\t\t<div class=\"elementor-button-wrapper\">\n\t\t\t\t\t<a class=\"elementor-button elementor-button-link elementor-size-sm elementor-animation-grow\" href=\"\/fr\/bureau\/\">\n\t\t\t\t\t\t<span class=\"elementor-button-content-wrapper\">\n\t\t\t\t\t\t\t\t\t<span class=\"elementor-button-text\">nous vous aidons<\/span>\n\t\t\t\t\t<\/span>\n\t\t\t\t\t<\/a>\n\t\t\t\t<\/div>\n\t\t\t\t\t\t\t\t<\/div>\n\t\t\t\t<\/div>\n\t\t\t\t\t<\/div>\n\t\t<\/div>\n\t\t\t\t\t<\/div>\n\t\t<\/section>\n\t\t\t\t<\/div>\n\t\t","protected":false},"excerpt":{"rendered":"<p>Voici quelques-unes des logements qui r\u00e9pondent le long du chemin.. Ils sont class\u00e9s par ordre alphab\u00e9tique et non par cat\u00e9gorie. CONSEILS PRATIQUES CR\u00c9ANCES CERTIFICATS TRANSPORT Le Chemin Ignatien Sa histoire, p\u00e8lerinage \u00e0 travers le pass\u00e9, \u00e0 travers l&rsquo;Espagne ignatienne, remerciements&#8230; D\u00c9COUVREZ-LE P\u00e8lerinage dans notre vie Les Exercices Spirituels et le p\u00e8lerinage sur le Chemin Ignatien, [&hellip;]<\/p>\n","protected":false},"author":1,"featured_media":0,"parent":0,"menu_order":0,"comment_status":"closed","ping_status":"closed","template":"","meta":{"_acf_changed":false,"footnotes":""},"class_list":["post-8442","page","type-page","status-publish","hentry"],"acf":[],"_links":{"self":[{"href":"https:\/\/caminoignaciano.org\/fr\/wp-json\/wp\/v2\/pages\/8442","targetHints":{"allow":["GET"]}}],"collection":[{"href":"https:\/\/caminoignaciano.org\/fr\/wp-json\/wp\/v2\/pages"}],"about":[{"href":"https:\/\/caminoignaciano.org\/fr\/wp-json\/wp\/v2\/types\/page"}],"author":[{"embeddable":true,"href":"https:\/\/caminoignaciano.org\/fr\/wp-json\/wp\/v2\/users\/1"}],"replies":[{"embeddable":true,"href":"https:\/\/caminoignaciano.org\/fr\/wp-json\/wp\/v2\/comments?post=8442"}],"version-history":[{"count":0,"href":"https:\/\/caminoignaciano.org\/fr\/wp-json\/wp\/v2\/pages\/8442\/revisions"}],"wp:attachment":[{"href":"https:\/\/caminoignaciano.org\/fr\/wp-json\/wp\/v2\/media?parent=8442"}],"curies":[{"name":"wp","href":"https:\/\/api.w.org\/{rel}","templated":true}]}}