{"id":8228,"date":"2019-02-21T21:01:59","date_gmt":"2019-02-21T20:01:59","guid":{"rendered":"http:\/\/caminoignaciano.sjdigitaldemo.ovh\/pasado\/"},"modified":"2019-03-05T08:07:49","modified_gmt":"2019-03-05T07:07:49","slug":"pasado","status":"publish","type":"page","link":"https:\/\/caminoignaciano.org\/ca\/pasado\/","title":{"rendered":"Pelegrinatge pel passat"},"content":{"rendered":"\t\t<div data-elementor-type=\"wp-post\" data-elementor-id=\"8228\" class=\"elementor elementor-8228 elementor-6557 elementor-bc-flex-widget\" data-elementor-post-type=\"page\">\n\t\t\t\t\t\t<section class=\"elementor-section elementor-top-section elementor-element elementor-element-1c1811ee elementor-section-height-min-height elementor-section-content-middle elementor-section-full_width elementor-section-height-default elementor-section-items-middle\" data-id=\"1c1811ee\" data-element_type=\"section\" data-e-type=\"section\" data-settings=\"{&quot;background_background&quot;:&quot;classic&quot;}\">\n\t\t\t\t\t\t\t<div class=\"elementor-background-overlay\"><\/div>\n\t\t\t\t\t\t\t<div class=\"elementor-container elementor-column-gap-no\">\n\t\t\t\t\t<div class=\"elementor-column elementor-col-100 elementor-top-column elementor-element elementor-element-6dc66bad\" data-id=\"6dc66bad\" data-element_type=\"column\" data-e-type=\"column\">\n\t\t\t<div class=\"elementor-widget-wrap elementor-element-populated\">\n\t\t\t\t\t\t<div class=\"elementor-element elementor-element-c76d5c elementor-headline--style-highlight elementor-widget elementor-widget-animated-headline\" data-id=\"c76d5c\" data-element_type=\"widget\" data-e-type=\"widget\" data-settings=\"{&quot;highlighted_text&quot;:&quot;Pelegrinatge pel passat&quot;,&quot;headline_style&quot;:&quot;highlight&quot;,&quot;marker&quot;:&quot;circle&quot;,&quot;loop&quot;:&quot;yes&quot;,&quot;highlight_animation_duration&quot;:1200,&quot;highlight_iteration_delay&quot;:8000}\" data-widget_type=\"animated-headline.default\">\n\t\t\t\t<div class=\"elementor-widget-container\">\n\t\t\t\t\t\t\t<h2 class=\"elementor-headline\">\n\t\t\t\t<span class=\"elementor-headline-dynamic-wrapper elementor-headline-text-wrapper\">\n\t\t\t\t\t<span class=\"elementor-headline-dynamic-text elementor-headline-text-active\">Pelegrinatge pel passat<\/span>\n\t\t\t\t<\/span>\n\t\t\t\t<\/h2>\n\t\t\t\t\t\t<\/div>\n\t\t\t\t<\/div>\n\t\t\t\t\t<\/div>\n\t\t<\/div>\n\t\t\t\t\t<\/div>\n\t\t<\/section>\n\t\t\t\t<section class=\"elementor-section elementor-top-section elementor-element elementor-element-2d25a21a elementor-section-full_width elementor-section-height-default elementor-section-height-default\" data-id=\"2d25a21a\" data-element_type=\"section\" data-e-type=\"section\" data-settings=\"{&quot;background_background&quot;:&quot;classic&quot;}\">\n\t\t\t\t\t\t\t<div class=\"elementor-background-overlay\"><\/div>\n\t\t\t\t\t\t\t<div class=\"elementor-container elementor-column-gap-default\">\n\t\t\t\t\t<div class=\"elementor-column elementor-col-100 elementor-top-column elementor-element elementor-element-2e5f829\" data-id=\"2e5f829\" data-element_type=\"column\" data-e-type=\"column\">\n\t\t\t<div class=\"elementor-widget-wrap elementor-element-populated\">\n\t\t\t\t\t\t<section class=\"elementor-section elementor-inner-section elementor-element elementor-element-123e26a6 elementor-section-full_width elementor-section-height-default elementor-section-height-default\" data-id=\"123e26a6\" data-element_type=\"section\" data-e-type=\"section\">\n\t\t\t\t\t\t<div class=\"elementor-container elementor-column-gap-default\">\n\t\t\t\t\t<div class=\"elementor-column elementor-col-50 elementor-inner-column elementor-element elementor-element-2dee2c94\" data-id=\"2dee2c94\" data-element_type=\"column\" data-e-type=\"column\" data-settings=\"{&quot;background_background&quot;:&quot;classic&quot;}\">\n\t\t\t<div class=\"elementor-widget-wrap elementor-element-populated\">\n\t\t\t\t\t<div class=\"elementor-background-overlay\"><\/div>\n\t\t\t\t\t\t<div class=\"elementor-element elementor-element-66b8a5c9 elementor-widget elementor-widget-heading\" data-id=\"66b8a5c9\" data-element_type=\"widget\" data-e-type=\"widget\" data-widget_type=\"heading.default\">\n\t\t\t\t<div class=\"elementor-widget-container\">\n\t\t\t\t\t<h2 class=\"elementor-heading-title elementor-size-default\">Algunes pistes cronol\u00f2giques<\/h2>\t\t\t\t<\/div>\n\t\t\t\t<\/div>\n\t\t\t\t\t<\/div>\n\t\t<\/div>\n\t\t\t\t<div class=\"elementor-column elementor-col-50 elementor-inner-column elementor-element elementor-element-50e21344\" data-id=\"50e21344\" data-element_type=\"column\" data-e-type=\"column\" id=\"programa tu camino\" data-settings=\"{&quot;background_background&quot;:&quot;classic&quot;}\">\n\t\t\t<div class=\"elementor-widget-wrap elementor-element-populated\">\n\t\t\t\t\t<div class=\"elementor-background-overlay\"><\/div>\n\t\t\t\t\t\t<div class=\"elementor-element elementor-element-6670e3a1 elementor-widget elementor-widget-text-editor\" data-id=\"6670e3a1\" data-element_type=\"widget\" data-e-type=\"widget\" data-widget_type=\"text-editor.default\">\n\t\t\t\t<div class=\"elementor-widget-container\">\n\t\t\t\t\t\t\t\t\t<p>1491: Naixement d\u2019Ignasi de Loiola (Pa\u00eds Basc).<\/p>\n<p>1521: Maig. Batalla de Pamplona, recuperaci\u00f3 i conversi\u00f3.<\/p>\n<p>1522: Experi\u00e8ncia d\u2019Ignasi a Manresa.<\/p>\n<p>1523: Experi\u00e8ncia d\u2019Ignasi a Jerusalem.<\/p>\n<p>1524\u20131527: Estudis a Barcelona, Salamanca i Alcal\u00e0.<\/p>\n<p>1528\u20131535: Ignasi fa estada a Par\u00eds. Primers companys jesu\u00eftes.<\/p>\n<p>1537: Juny. Ordenaci\u00f3 sacerdotal d\u2019Ignasi a Ven\u00e8cia.<\/p>\n<p>1540: Reconeixement de la Companyia de Jes\u00fas pel Papa Pau III.<\/p>\n<p>1548: Aprovaci\u00f3 pel Papa Pau III dels Exercicis Espirituals.<\/p>\n<p>1553\u20131555: Ignasi explica part de la seva vida als seu secretari i s\u2019escriu l\u2019Autobiografia.<\/p>\n<p>31 de juliol de 1556: Roma. Ignasi de Loiola acull la Pau Eterna en el Senyor.<\/p>\n\t\t\t\t\t\t\t\t<\/div>\n\t\t\t\t<\/div>\n\t\t\t\t\t<\/div>\n\t\t<\/div>\n\t\t\t\t\t<\/div>\n\t\t<\/section>\n\t\t\t\t<section class=\"elementor-section elementor-inner-section elementor-element elementor-element-a68532c elementor-section-full_width elementor-section-height-default elementor-section-height-default\" data-id=\"a68532c\" data-element_type=\"section\" data-e-type=\"section\">\n\t\t\t\t\t\t<div class=\"elementor-container elementor-column-gap-default\">\n\t\t\t\t\t<div class=\"elementor-column elementor-col-50 elementor-inner-column elementor-element elementor-element-c173cbf\" data-id=\"c173cbf\" data-element_type=\"column\" data-e-type=\"column\" data-settings=\"{&quot;background_background&quot;:&quot;classic&quot;}\">\n\t\t\t<div class=\"elementor-widget-wrap elementor-element-populated\">\n\t\t\t\t\t<div class=\"elementor-background-overlay\"><\/div>\n\t\t\t\t\t\t<div class=\"elementor-element elementor-element-8277ca5 elementor-widget elementor-widget-text-editor\" data-id=\"8277ca5\" data-element_type=\"widget\" data-e-type=\"widget\" data-widget_type=\"text-editor.default\">\n\t\t\t\t<div class=\"elementor-widget-container\">\n\t\t\t\t\t\t\t\t\t<p>Ignasi va n\u00e9ixer, probablement el 1491, en una fam\u00edlia de nobles d\u2019import\u00e0ncia menor en el Pa\u00eds Basc. El 1521, amb v\u00e0ries autoritats locals espanyoles rebel\u00b7lant-se contra el seu rei, uns deu mil soldats francesos van aprofitar el caos intern d\u2019Espanya per envair el regne de Navarra. Severament delmats, els defensors espanyols amb Ignasi de Loiola entre ells, van resistir in\u00fatilment les forces invasores. Ignasi va ser ferit por un tret de can\u00f3 a l\u2019\u00faltim basti\u00f3 de la ciutat, abans de ser enva\u00efda. Els vencedors el van respectar com a &#8220;valent cavaller&#8221; i va ser transportat a la seva casa d\u2019Azpeitia. All\u00e0 es va sotmetre a doloroses operacions en el seu cos i tamb\u00e9 hi va rebre la gr\u00e0cia d\u2019una profunda experi\u00e8ncia de conversi\u00f3 durant la seva convalesc\u00e8ncia llarga i dolorosa.<\/p>\n<p>Va decidir convertir-se en pelegr\u00ed i dur a terme un pelegrinatge a Terra Santa, tenint com a primera etapa el Santuari de Nostra Senyora de Montserrat. Va comen\u00e7ar el seu viatge en algun moment de finals de gener o principis de febrer de 1522, arribant a Montserrat el 21 de mar\u00e7. La seva breu autobiografia dedica nom\u00e9s vuit punts a aquesta primera etapa espanyola del seu pelegrinatge, narrant, entre altres incidents, el d\u2019una trobada casual amb un musulm\u00e0 i la discussi\u00f3 entre els dos homes sobre q\u00fcestions de fe. Aquest notable episodi de \u201cdi\u00e0leg interreligi\u00f3s\u201d gaireb\u00e9 acaba malament quan Ignasi s\u2019of\u00e8n respecte a la comprensi\u00f3 d\u2019aquell musulm\u00e0 de la persona de Maria.<\/p>\n<p>Ignasi va acabar la part espanyola del seu pelegrinatge cap a Terra Santa, amb una estada de m\u00e9s de deu mesos a la ciutat de Manresa, narraci\u00f3 que ocupa la major part de la seva autobiografia. Les viv\u00e8ncies i les intu\u00efcions clau dels seus Exercicis Espirituals van ser experimentades durant aquest per\u00edode de Loiola i Manresa, i aquests \u201cexercicis\u201d, ja practicats per milions de cristians durant quasi cinc segles. En les seves m\u00faltiples formes segueixen sent una de las pr\u00e0ctiques espirituals m\u00e9s famoses i influents de la cristiandat cat\u00f2lica. No estem exagerant la import\u00e0ncia d\u2019aquesta fase de la vida d\u2019Ignasi. Com ell mateix explica a l\u2019Autobiografia\u00a0<em>\u201cde manera que en tot el discurs de la seva vida, fins passats seixanta-dos anys, repassant totes aquelles ajudes que hagi tingut de D\u00e9u, i totes aquelles coses que ha sabut, encara que les ajunt\u00e9s totes en una, no li sembla haver assolit tant, com aquella sola vegada.\u201d<\/em><\/p>\n\t\t\t\t\t\t\t\t<\/div>\n\t\t\t\t<\/div>\n\t\t\t\t\t<\/div>\n\t\t<\/div>\n\t\t\t\t<div class=\"elementor-column elementor-col-50 elementor-inner-column elementor-element elementor-element-b6ed8b4\" data-id=\"b6ed8b4\" data-element_type=\"column\" data-e-type=\"column\" data-settings=\"{&quot;background_background&quot;:&quot;classic&quot;}\">\n\t\t\t<div class=\"elementor-widget-wrap elementor-element-populated\">\n\t\t\t\t\t<div class=\"elementor-background-overlay\"><\/div>\n\t\t\t\t\t\t<div class=\"elementor-element elementor-element-641cd4e elementor-widget elementor-widget-heading\" data-id=\"641cd4e\" data-element_type=\"widget\" data-e-type=\"widget\" data-widget_type=\"heading.default\">\n\t\t\t\t<div class=\"elementor-widget-container\">\n\t\t\t\t\t<h2 class=\"elementor-heading-title elementor-size-default\">Context hist\u00f2ric: Ignasi de Loiola i el seu pelegrinatge el 1522<\/h2>\t\t\t\t<\/div>\n\t\t\t\t<\/div>\n\t\t\t\t\t<\/div>\n\t\t<\/div>\n\t\t\t\t\t<\/div>\n\t\t<\/section>\n\t\t\t\t<section class=\"elementor-section elementor-inner-section elementor-element elementor-element-fc5427a elementor-section-full_width elementor-section-height-default elementor-section-height-default\" data-id=\"fc5427a\" data-element_type=\"section\" data-e-type=\"section\">\n\t\t\t\t\t\t<div class=\"elementor-container elementor-column-gap-default\">\n\t\t\t\t\t<div class=\"elementor-column elementor-col-50 elementor-inner-column elementor-element elementor-element-354c680\" data-id=\"354c680\" data-element_type=\"column\" data-e-type=\"column\" data-settings=\"{&quot;background_background&quot;:&quot;classic&quot;}\">\n\t\t\t<div class=\"elementor-widget-wrap elementor-element-populated\">\n\t\t\t\t\t<div class=\"elementor-background-overlay\"><\/div>\n\t\t\t\t\t\t<div class=\"elementor-element elementor-element-34a2bbf elementor-widget elementor-widget-heading\" data-id=\"34a2bbf\" data-element_type=\"widget\" data-e-type=\"widget\" data-widget_type=\"heading.default\">\n\t\t\t\t<div class=\"elementor-widget-container\">\n\t\t\t\t\t<h2 class=\"elementor-heading-title elementor-size-default\">Entrar en l\u2019experi\u00e8ncia d\u2019Ignasi<\/h2>\t\t\t\t<\/div>\n\t\t\t\t<\/div>\n\t\t\t\t\t<\/div>\n\t\t<\/div>\n\t\t\t\t<div class=\"elementor-column elementor-col-50 elementor-inner-column elementor-element elementor-element-8aaff91\" data-id=\"8aaff91\" data-element_type=\"column\" data-e-type=\"column\" data-settings=\"{&quot;background_background&quot;:&quot;classic&quot;}\">\n\t\t\t<div class=\"elementor-widget-wrap elementor-element-populated\">\n\t\t\t\t\t<div class=\"elementor-background-overlay\"><\/div>\n\t\t\t\t\t\t<div class=\"elementor-element elementor-element-96456a5 elementor-widget elementor-widget-text-editor\" data-id=\"96456a5\" data-element_type=\"widget\" data-e-type=\"widget\" data-widget_type=\"text-editor.default\">\n\t\t\t\t<div class=\"elementor-widget-container\">\n\t\t\t\t\t\t\t\t\t<p>Per desgr\u00e0cia, ning\u00fa que transiti al llarg del Cam\u00ed ignasi\u00e0 pot comptar amb rebre les mateixes il\u00b7luminacions que va tenir Ignasi. No obstant, els viatgers poden comptar en admirar i caminar pels mateixos llocs que el sant, cosa que consolar\u00e0 i encisar\u00e0 molts caminants. \u00c9s for\u00e7a probable (tot i que no segur) que Ignasi visit\u00e9s la major part d&#8217;elements arquitect\u00f2nics i esgl\u00e9sies constru\u00efts abans del segle XVI i identificades al nostre web. Ignasi va ser un pelegr\u00ed religi\u00f3s en una cultura religiosa. En ciutats petites, amb nom\u00e9s dues o tres esgl\u00e9sies, Ignasi les podia haver visitat totes i assistir a misses, resar davant d\u2019un altar d\u2019import\u00e0ncia local o escoltar el cant de la Lit\u00fargia de les Hores dels frares.<\/p>\n<p>Ignasi s\u2019hauria detingut a la pla\u00e7a central de la ciutat a comprar provisions, confirmar la dist\u00e0ncia que separava del llogarret seg\u00fcent o senzillament per xerrar. El pelegr\u00ed no trobar\u00e0 una indicaci\u00f3 tipus \u201cIgnasi de Loiola va dormir aqu\u00ed\u201d a Logronyo, Saragossa, Tudela o Lleida. Per\u00f2, en centenars de punts de la ruta, es pot suposar que Ignasi \u201cva pregar aqu\u00ed\u201d o \u201cva comprar en aquesta pla\u00e7a mercadal\u201d o \u201ccaminava per la riba d\u2019aquest riu\u201d o \u201cva pujar el tur\u00f3 fins a aquest santuari o monestir\u201d, o \u201cva contemplar meravellat aquest mateix paisatge\u201d.<\/p>\n<p>Els llocs de pelegrinatge havien proliferat al llarg de l\u2019Edat Mitjana cap als destins considerats sagrats, fos per alguna associaci\u00f3 amb el sant o per la pres\u00e8ncia divina. Els pelegrins deixaven casa seva i es posaven en cam\u00ed per tota mena de raons. Alguns buscaven favors i molts buscaven guarir-se. El temor a l\u2019infern estava relacionat amb la pr\u00e0ctica del pelegrinatge essent aquesta una caracter\u00edstica important del m\u00f3n d\u2019Ignasi i de la seva visi\u00f3 de l&#8217;\u00e8poca que vivien. Representa una difer\u00e8ncia important amb la mentalitat moderna. Avui pelegrinar ens pot semblar ex\u00f2tic i una empresa estranya; fins i tot pot ser que persones religioses no coneguin ning\u00fa que hagi viatjat en peregrinaci\u00f3. Tanmateix la peregrinaci\u00f3 era un fet com\u00fa a la vida medieval. Molts europeus feien peregrinacions curtes a santuaris menors a prop de casa seva. Uns pocs tenien el privilegi de fer una vegada a la vida el seu pelegrinatge a Santiago de Compostel\u00b7la, a Roma o a Terra Santa. Els peregrins del segle XXI hauran de fer algunes adaptacions imaginatives per apreciar l\u2019abast, les pr\u00e0ctiques i la teologia d\u2019un pelegrinatge en temps de Sant Ignasi, per\u00f2 val la pena intentar-ho! No us perdeu aquest punt en la vostra peregrinaci\u00f3!<\/p>\n\t\t\t\t\t\t\t\t<\/div>\n\t\t\t\t<\/div>\n\t\t\t\t\t<\/div>\n\t\t<\/div>\n\t\t\t\t\t<\/div>\n\t\t<\/section>\n\t\t\t\t<section class=\"elementor-section elementor-inner-section elementor-element elementor-element-3585be04 elementor-section-boxed elementor-section-height-default elementor-section-height-default\" data-id=\"3585be04\" data-element_type=\"section\" data-e-type=\"section\">\n\t\t\t\t\t\t<div class=\"elementor-container elementor-column-gap-default\">\n\t\t\t\t\t<div class=\"elementor-column elementor-col-25 elementor-inner-column elementor-element elementor-element-ef8f650\" data-id=\"ef8f650\" data-element_type=\"column\" data-e-type=\"column\" data-settings=\"{&quot;background_background&quot;:&quot;classic&quot;}\">\n\t\t\t<div class=\"elementor-widget-wrap elementor-element-populated\">\n\t\t\t\t\t<div class=\"elementor-background-overlay\"><\/div>\n\t\t\t\t\t\t<div class=\"elementor-element elementor-element-e0f5f5e elementor-align-center elementor-widget elementor-widget-button\" data-id=\"e0f5f5e\" data-element_type=\"widget\" data-e-type=\"widget\" data-widget_type=\"button.default\">\n\t\t\t\t<div class=\"elementor-widget-container\">\n\t\t\t\t\t\t\t\t\t<div class=\"elementor-button-wrapper\">\n\t\t\t\t\t<a class=\"elementor-button elementor-button-link elementor-size-md\" href=\"\/ca\/el-cami-ignasia\/\">\n\t\t\t\t\t\t<span class=\"elementor-button-content-wrapper\">\n\t\t\t\t\t\t\t\t\t<span class=\"elementor-button-text\">EL CAM\u00cd<\/span>\n\t\t\t\t\t<\/span>\n\t\t\t\t\t<\/a>\n\t\t\t\t<\/div>\n\t\t\t\t\t\t\t\t<\/div>\n\t\t\t\t<\/div>\n\t\t\t\t\t<\/div>\n\t\t<\/div>\n\t\t\t\t<div class=\"elementor-column elementor-col-25 elementor-inner-column elementor-element elementor-element-54f82c40\" data-id=\"54f82c40\" data-element_type=\"column\" data-e-type=\"column\" data-settings=\"{&quot;background_background&quot;:&quot;classic&quot;}\">\n\t\t\t<div class=\"elementor-widget-wrap elementor-element-populated\">\n\t\t\t\t\t<div class=\"elementor-background-overlay\"><\/div>\n\t\t\t\t\t\t<div class=\"elementor-element elementor-element-375aac2c elementor-align-center elementor-widget elementor-widget-button\" data-id=\"375aac2c\" data-element_type=\"widget\" data-e-type=\"widget\" data-widget_type=\"button.default\">\n\t\t\t\t<div class=\"elementor-widget-container\">\n\t\t\t\t\t\t\t\t\t<div class=\"elementor-button-wrapper\">\n\t\t\t\t\t<a class=\"elementor-button elementor-button-link elementor-size-md\" href=\"\/ca\/historia\/\">\n\t\t\t\t\t\t<span class=\"elementor-button-content-wrapper\">\n\t\t\t\t\t\t\t\t\t<span class=\"elementor-button-text\">HIST\u00d2RIA<\/span>\n\t\t\t\t\t<\/span>\n\t\t\t\t\t<\/a>\n\t\t\t\t<\/div>\n\t\t\t\t\t\t\t\t<\/div>\n\t\t\t\t<\/div>\n\t\t\t\t\t<\/div>\n\t\t<\/div>\n\t\t\t\t<div class=\"elementor-column elementor-col-25 elementor-inner-column elementor-element elementor-element-72435e86\" data-id=\"72435e86\" data-element_type=\"column\" data-e-type=\"column\" data-settings=\"{&quot;background_background&quot;:&quot;classic&quot;}\">\n\t\t\t<div class=\"elementor-widget-wrap elementor-element-populated\">\n\t\t\t\t\t<div class=\"elementor-background-overlay\"><\/div>\n\t\t\t\t\t\t<div class=\"elementor-element elementor-element-ace54ce elementor-align-center elementor-widget elementor-widget-button\" data-id=\"ace54ce\" data-element_type=\"widget\" data-e-type=\"widget\" data-widget_type=\"button.default\">\n\t\t\t\t<div class=\"elementor-widget-container\">\n\t\t\t\t\t\t\t\t\t<div class=\"elementor-button-wrapper\">\n\t\t\t\t\t<a class=\"elementor-button elementor-button-link elementor-size-md\" href=\"\/ca\/ignaciana\/\">\n\t\t\t\t\t\t<span class=\"elementor-button-content-wrapper\">\n\t\t\t\t\t\t\t\t\t<span class=\"elementor-button-text\">L'ESPANYA IGNASIANA<\/span>\n\t\t\t\t\t<\/span>\n\t\t\t\t\t<\/a>\n\t\t\t\t<\/div>\n\t\t\t\t\t\t\t\t<\/div>\n\t\t\t\t<\/div>\n\t\t\t\t\t<\/div>\n\t\t<\/div>\n\t\t\t\t<div class=\"elementor-column elementor-col-25 elementor-inner-column elementor-element elementor-element-533417d9\" data-id=\"533417d9\" data-element_type=\"column\" data-e-type=\"column\" data-settings=\"{&quot;background_background&quot;:&quot;classic&quot;}\">\n\t\t\t<div class=\"elementor-widget-wrap elementor-element-populated\">\n\t\t\t\t\t<div class=\"elementor-background-overlay\"><\/div>\n\t\t\t\t\t\t<div class=\"elementor-element elementor-element-12e11c52 elementor-align-center elementor-widget elementor-widget-button\" data-id=\"12e11c52\" data-element_type=\"widget\" data-e-type=\"widget\" data-widget_type=\"button.default\">\n\t\t\t\t<div class=\"elementor-widget-container\">\n\t\t\t\t\t\t\t\t\t<div class=\"elementor-button-wrapper\">\n\t\t\t\t\t<a class=\"elementor-button elementor-button-link elementor-size-md\" href=\"\/ca\/agraiments\/\">\n\t\t\t\t\t\t<span class=\"elementor-button-content-wrapper\">\n\t\t\t\t\t\t\t\t\t<span class=\"elementor-button-text\">AGRA\u00cfMENTS<\/span>\n\t\t\t\t\t<\/span>\n\t\t\t\t\t<\/a>\n\t\t\t\t<\/div>\n\t\t\t\t\t\t\t\t<\/div>\n\t\t\t\t<\/div>\n\t\t\t\t\t<\/div>\n\t\t<\/div>\n\t\t\t\t\t<\/div>\n\t\t<\/section>\n\t\t\t\t\t<\/div>\n\t\t<\/div>\n\t\t\t\t\t<\/div>\n\t\t<\/section>\n\t\t\t\t<section class=\"elementor-section elementor-top-section elementor-element elementor-element-1721299d elementor-section-content-middle elementor-section-boxed elementor-section-height-default elementor-section-height-default\" data-id=\"1721299d\" data-element_type=\"section\" data-e-type=\"section\">\n\t\t\t\t\t\t<div class=\"elementor-container elementor-column-gap-no\">\n\t\t\t\t\t<div class=\"elementor-column elementor-col-33 elementor-top-column elementor-element elementor-element-569e312d\" data-id=\"569e312d\" data-element_type=\"column\" data-e-type=\"column\">\n\t\t\t<div class=\"elementor-widget-wrap elementor-element-populated\">\n\t\t\t\t\t\t<div class=\"elementor-element elementor-element-22f20d21 elementor-widget elementor-widget-heading\" data-id=\"22f20d21\" data-element_type=\"widget\" data-e-type=\"widget\" data-widget_type=\"heading.default\">\n\t\t\t\t<div class=\"elementor-widget-container\">\n\t\t\t\t\t<h4 class=\"elementor-heading-title elementor-size-default\">Consells per al Cam\u00ed<\/h4>\t\t\t\t<\/div>\n\t\t\t\t<\/div>\n\t\t\t\t<div class=\"elementor-element elementor-element-36eff78f elementor-widget elementor-widget-text-editor\" data-id=\"36eff78f\" data-element_type=\"widget\" data-e-type=\"widget\" data-widget_type=\"text-editor.default\">\n\t\t\t\t<div class=\"elementor-widget-container\">\n\t\t\t\t\t\t\t\t\t<p>Aspectes pr\u00e0ctics, les credencials, certificats, mitjans de transport, allotjament&#8230;<\/p>\n\t\t\t\t\t\t\t\t<\/div>\n\t\t\t\t<\/div>\n\t\t\t\t<div class=\"elementor-element elementor-element-27de58ef elementor-align-center elementor-widget elementor-widget-button\" data-id=\"27de58ef\" data-element_type=\"widget\" data-e-type=\"widget\" data-widget_type=\"button.default\">\n\t\t\t\t<div class=\"elementor-widget-container\">\n\t\t\t\t\t\t\t\t\t<div class=\"elementor-button-wrapper\">\n\t\t\t\t\t<a class=\"elementor-button elementor-button-link elementor-size-sm elementor-animation-grow\" href=\"\/ca\/consells-practics\/\">\n\t\t\t\t\t\t<span class=\"elementor-button-content-wrapper\">\n\t\t\t\t\t\t\t\t\t<span class=\"elementor-button-text\">Prepara't<\/span>\n\t\t\t\t\t<\/span>\n\t\t\t\t\t<\/a>\n\t\t\t\t<\/div>\n\t\t\t\t\t\t\t\t<\/div>\n\t\t\t\t<\/div>\n\t\t\t\t\t<\/div>\n\t\t<\/div>\n\t\t\t\t<div class=\"elementor-column elementor-col-33 elementor-top-column elementor-element elementor-element-11349b41\" data-id=\"11349b41\" data-element_type=\"column\" data-e-type=\"column\">\n\t\t\t<div class=\"elementor-widget-wrap elementor-element-populated\">\n\t\t\t\t\t\t<div class=\"elementor-element elementor-element-3d4c4cb1 elementor-widget elementor-widget-heading\" data-id=\"3d4c4cb1\" data-element_type=\"widget\" data-e-type=\"widget\" data-widget_type=\"heading.default\">\n\t\t\t\t<div class=\"elementor-widget-container\">\n\t\t\t\t\t<h4 class=\"elementor-heading-title elementor-size-default\">Peregrinant en la nostra vida<\/h4>\t\t\t\t<\/div>\n\t\t\t\t<\/div>\n\t\t\t\t<div class=\"elementor-element elementor-element-5aef95c0 elementor-widget elementor-widget-text-editor\" data-id=\"5aef95c0\" data-element_type=\"widget\" data-e-type=\"widget\" data-widget_type=\"text-editor.default\">\n\t\t\t\t<div class=\"elementor-widget-container\">\n\t\t\t\t\t\t\t\t\t<p>Els Exercicis espirituals i la peregrinaci\u00f3 en el Cam\u00ed Ignasi\u00e0, l&#8217;opci\u00f3 de quatre setmanes, guia per al Cam\u00ed, respirant el Cam\u00ed, l&#8217;oraci\u00f3 introduct\u00f2ria, el Cam\u00ed espiritual&#8230;<\/p>\n\t\t\t\t\t\t\t\t<\/div>\n\t\t\t\t<\/div>\n\t\t\t\t<div class=\"elementor-element elementor-element-6962749d elementor-align-center elementor-widget elementor-widget-button\" data-id=\"6962749d\" data-element_type=\"widget\" data-e-type=\"widget\" data-widget_type=\"button.default\">\n\t\t\t\t<div class=\"elementor-widget-container\">\n\t\t\t\t\t\t\t\t\t<div class=\"elementor-button-wrapper\">\n\t\t\t\t\t<a class=\"elementor-button elementor-button-link elementor-size-sm elementor-animation-grow\" href=\"\/ca\/peregrinando\/\">\n\t\t\t\t\t\t<span class=\"elementor-button-content-wrapper\">\n\t\t\t\t\t\t\t\t\t<span class=\"elementor-button-text\">Experimenta'ls<\/span>\n\t\t\t\t\t<\/span>\n\t\t\t\t\t<\/a>\n\t\t\t\t<\/div>\n\t\t\t\t\t\t\t\t<\/div>\n\t\t\t\t<\/div>\n\t\t\t\t\t<\/div>\n\t\t<\/div>\n\t\t\t\t<div class=\"elementor-column elementor-col-33 elementor-top-column elementor-element elementor-element-6b2a297\" data-id=\"6b2a297\" data-element_type=\"column\" data-e-type=\"column\">\n\t\t\t<div class=\"elementor-widget-wrap elementor-element-populated\">\n\t\t\t\t\t\t<div class=\"elementor-element elementor-element-16dccfb5 elementor-widget elementor-widget-heading\" data-id=\"16dccfb5\" data-element_type=\"widget\" data-e-type=\"widget\" data-widget_type=\"heading.default\">\n\t\t\t\t<div class=\"elementor-widget-container\">\n\t\t\t\t\t<h4 class=\"elementor-heading-title elementor-size-default\">L'Oficina del Pelegr\u00ed<\/h4>\t\t\t\t<\/div>\n\t\t\t\t<\/div>\n\t\t\t\t<div class=\"elementor-element elementor-element-1232048c elementor-widget elementor-widget-text-editor\" data-id=\"1232048c\" data-element_type=\"widget\" data-e-type=\"widget\" data-widget_type=\"text-editor.default\">\n\t\t\t\t<div class=\"elementor-widget-container\">\n\t\t\t\t\t\t\t\t\t<p>Experi\u00e8ncies, activitats, ag\u00e8ncies, credencials, associacions, cam\u00ed del respecte&#8230;<\/p>\n\t\t\t\t\t\t\t\t<\/div>\n\t\t\t\t<\/div>\n\t\t\t\t<div class=\"elementor-element elementor-element-11e78f2e elementor-align-center elementor-widget elementor-widget-button\" data-id=\"11e78f2e\" data-element_type=\"widget\" data-e-type=\"widget\" data-widget_type=\"button.default\">\n\t\t\t\t<div class=\"elementor-widget-container\">\n\t\t\t\t\t\t\t\t\t<div class=\"elementor-button-wrapper\">\n\t\t\t\t\t<a class=\"elementor-button elementor-button-link elementor-size-sm elementor-animation-grow\" href=\"\/ca\/oficina\/\">\n\t\t\t\t\t\t<span class=\"elementor-button-content-wrapper\">\n\t\t\t\t\t\t\t\t\t<span class=\"elementor-button-text\">t'ajudem<\/span>\n\t\t\t\t\t<\/span>\n\t\t\t\t\t<\/a>\n\t\t\t\t<\/div>\n\t\t\t\t\t\t\t\t<\/div>\n\t\t\t\t<\/div>\n\t\t\t\t\t<\/div>\n\t\t<\/div>\n\t\t\t\t\t<\/div>\n\t\t<\/section>\n\t\t\t\t<\/div>\n\t\t","protected":false},"excerpt":{"rendered":"<p>Algunes pistes cronol\u00f2giques 1491: Naixement d\u2019Ignasi de Loiola (Pa\u00eds Basc). 1521: Maig. Batalla de Pamplona, recuperaci\u00f3 i conversi\u00f3. 1522: Experi\u00e8ncia d\u2019Ignasi a Manresa. 1523: Experi\u00e8ncia d\u2019Ignasi a Jerusalem. 1524\u20131527: Estudis a Barcelona, Salamanca i Alcal\u00e0. 1528\u20131535: Ignasi fa estada a Par\u00eds. Primers companys jesu\u00eftes. 1537: Juny. Ordenaci\u00f3 sacerdotal d\u2019Ignasi a Ven\u00e8cia. 1540: Reconeixement de la [&hellip;]<\/p>\n","protected":false},"author":1,"featured_media":0,"parent":0,"menu_order":0,"comment_status":"closed","ping_status":"closed","template":"","meta":{"_acf_changed":false,"footnotes":""},"class_list":["post-8228","page","type-page","status-publish","hentry"],"acf":[],"_links":{"self":[{"href":"https:\/\/caminoignaciano.org\/ca\/wp-json\/wp\/v2\/pages\/8228","targetHints":{"allow":["GET"]}}],"collection":[{"href":"https:\/\/caminoignaciano.org\/ca\/wp-json\/wp\/v2\/pages"}],"about":[{"href":"https:\/\/caminoignaciano.org\/ca\/wp-json\/wp\/v2\/types\/page"}],"author":[{"embeddable":true,"href":"https:\/\/caminoignaciano.org\/ca\/wp-json\/wp\/v2\/users\/1"}],"replies":[{"embeddable":true,"href":"https:\/\/caminoignaciano.org\/ca\/wp-json\/wp\/v2\/comments?post=8228"}],"version-history":[{"count":0,"href":"https:\/\/caminoignaciano.org\/ca\/wp-json\/wp\/v2\/pages\/8228\/revisions"}],"wp:attachment":[{"href":"https:\/\/caminoignaciano.org\/ca\/wp-json\/wp\/v2\/media?parent=8228"}],"curies":[{"name":"wp","href":"https:\/\/api.w.org\/{rel}","templated":true}]}}